{"id":25,"date":"2022-03-09T10:23:04","date_gmt":"2022-03-09T09:23:04","guid":{"rendered":"https:\/\/dacc.diocesisgetafe.es\/?page_id=25"},"modified":"2026-04-23T11:36:19","modified_gmt":"2026-04-23T10:36:19","slug":"catecumenado","status":"publish","type":"page","link":"https:\/\/dacc.diocesisgetafe.es\/index.php\/catecumenado\/","title":{"rendered":"Catecumenado"},"content":{"rendered":"<div data-colibri-id=\"25-c1\" class=\"style-338 style-local-25-c1 position-relative\">\n  <!---->\n  <div data-colibri-component=\"section\" data-colibri-id=\"25-c2\" id=\"reusable-sections\" class=\"h-section h-section-global-spacing d-flex align-items-lg-center align-items-md-center align-items-center style-691 style-local-25-c2 position-relative\">\n    <div class=\"background-wrapper\">\n      <div class=\"background-layer background-layer-media-container-lg\">\n        <!---->\n        <div class=\"overlay-layer\">\n          <div class=\"overlay-image-layer\" style=\"background-color: rgb(0, 0, 0); opacity: 0.23;\"><\/div>\n        <\/div>\n      <\/div>\n      <div class=\"background-layer background-layer-media-container-md\">\n        <!---->\n        <div class=\"overlay-layer\">\n          <div class=\"overlay-image-layer\" style=\"background-color: rgb(0, 0, 0); opacity: 0.23;\"><\/div>\n        <\/div>\n      <\/div>\n      <div class=\"background-layer background-layer-media-container\">\n        <!---->\n        <div class=\"overlay-layer\">\n          <div class=\"overlay-image-layer\" style=\"background-color: rgb(0, 0, 0); opacity: 0.23;\"><\/div>\n        <\/div>\n      <\/div>\n    <\/div>\n    <!---->\n    <div class=\"h-section-grid-container h-section-fluid-container\">\n      <!---->\n      <div data-colibri-id=\"25-c3\" class=\"h-row-container gutters-row-lg-2 gutters-row-md-2 gutters-row-2 gutters-row-v-lg-2 gutters-row-v-md-2 gutters-row-v-2 style-692 style-local-25-c3 position-relative\">\n        <!---->\n        <div class=\"h-row justify-content-lg-end justify-content-md-end justify-content-end align-items-lg-stretch align-items-md-stretch align-items-stretch gutters-col-lg-2 gutters-col-md-2 gutters-col-2 gutters-col-v-lg-2 gutters-col-v-md-2 gutters-col-v-2\">\n          <!---->\n          <div class=\"h-column h-column-container d-flex h-col-lg-auto h-col-md-auto h-col-auto style-693-outer style-local-25-c4-outer\">\n            <div data-colibri-id=\"25-c4\" class=\"d-flex h-flex-basis h-column__inner h-px-lg-0 h-px-md-0 h-px-0 v-inner-lg-0 v-inner-md-0 v-inner-0 style-693 style-local-25-c4 position-relative\">\n              <!---->\n              <!---->\n              <div class=\"w-100 h-y-container h-column__content h-column__v-align flex-basis-100 align-self-lg-center align-self-md-center align-self-center\">\n                <!---->\n                <div data-colibri-id=\"25-c5\" class=\"h-global-transition-all h-heading style-694 style-local-25-c5 position-relative h-element\">\n                  <!---->\n                  <div class=\"h-heading__outer style-694 style-local-25-c5\">\n                    <!---->\n                    <!---->\n                    <h6 class=\"\"><strong style=\"font-size: 139%; font-weight: 700; color: rgb(59, 114, 184);\">\u00c1rea de catecumenado<\/strong><strong style=\"font-size: 139%; font-weight: 700;\"><br><\/strong><span style=\"font-weight: 300;\">delegaci\u00f3n de anuncio, Catecumenado y catequesis<\/span><\/h6>\n                  <\/div>\n                <\/div>\n                <div data-colibri-id=\"25-c6\" class=\"h-global-transition-all h-heading style-695 style-local-25-c6 position-relative h-element\">\n                  <!---->\n                  <div class=\"h-heading__outer style-695 style-local-25-c6\">\n                    <!---->\n                    <!---->\n                    <h2 class=\"\"><strong style=\"font-weight: 700; font-size: 77%; color: rgb(246, 97, 66);\">\u00ab<\/strong><span style=\"font-size: 70%; color: rgb(246, 97, 66);\">Id, pues, y haced disc\u00edpulos a todos los pueblos, bautiz\u00e1ndolos en el nombre del Padre y del Hijo y del Esp\u00edritu Santo; ense\u00f1\u00e1ndoles a guardar todo lo que os he mandado. Y sabed que yo estoy con vosotros todos los d\u00edas, hasta el final de los tiempos<\/span>\n                      <strong\n                        style=\"font-size: 77%; font-weight: 700; color: rgb(246, 97, 66);\">\u00ab<\/strong><strong style=\"font-size: 77%; font-weight: 700;\"><br><\/strong><strong style=\"font-weight: 700; font-size: 51%; color: rgb(59, 114, 184);\">(Mt 28, 19-20)<\/strong><\/h2>\n                  <\/div>\n                <\/div>\n              <\/div>\n            <\/div>\n          <\/div>\n        <\/div>\n      <\/div>\n    <\/div>\n  <\/div>\n  <div data-colibri-component=\"section\" data-colibri-id=\"25-c11\" id=\"reusable-sections-3\" class=\"h-section h-section-global-spacing d-flex align-items-lg-center align-items-md-center align-items-center style-1520 style-local-25-c11 position-relative\">\n    <!---->\n    <!---->\n    <div class=\"h-section-grid-container h-section-boxed-container\">\n      <div data-colibri-id=\"25-c17\" class=\"h-row-container gutters-row-lg-0 gutters-row-md-0 gutters-row-0 gutters-row-v-lg-0 gutters-row-v-md-0 gutters-row-v-0 style-1529 style-local-25-c17 position-relative\">\n        <!---->\n        <div class=\"h-row justify-content-lg-center justify-content-md-center justify-content-center align-items-lg-stretch align-items-md-stretch align-items-stretch gutters-col-lg-0 gutters-col-md-0 gutters-col-0 gutters-col-v-lg-0 gutters-col-v-md-0 gutters-col-v-0\">\n          <!---->\n          <div class=\"h-column h-column-container d-flex h-col-lg-auto h-col-md-auto h-col-auto style-1530-outer style-local-25-c18-outer\">\n            <div data-colibri-id=\"25-c18\" class=\"d-flex h-flex-basis h-column__inner h-px-lg-0 h-px-md-0 h-px-0 v-inner-lg-0 v-inner-md-0 v-inner-0 style-1530 style-local-25-c18 position-relative\">\n              <!---->\n              <!---->\n              <div class=\"w-100 h-y-container h-column__content h-column__v-align flex-basis-100 align-self-lg-start align-self-md-start align-self-start\">\n                <!---->\n                <div data-colibri-id=\"25-c19\" class=\"h-global-transition-all h-heading style-1531 style-local-25-c19 position-relative h-element\">\n                  <!---->\n                  <div class=\"h-heading__outer style-1531 style-local-25-c19\">\n                    <!---->\n                    <!---->\n                    <h2 class=\"\"><span style=\"font-size: 75%;\">Responsable del \u00c1rea de <\/span><span style=\"font-size: 75%; color: rgb(246, 97, 66);\">Catecumenado<\/span><\/h2>\n                  <\/div>\n                <\/div>\n              <\/div>\n            <\/div>\n          <\/div>\n        <\/div>\n      <\/div>\n      <div data-colibri-id=\"25-c12\" class=\"h-row-container gutters-row-lg-2 gutters-row-md-2 gutters-row-0 gutters-row-v-lg-2 gutters-row-v-md-2 gutters-row-v-2 style-1521 style-local-25-c12 position-relative\">\n        <!---->\n        <div class=\"h-row justify-content-lg-center justify-content-md-center justify-content-center align-items-lg-stretch align-items-md-stretch align-items-stretch gutters-col-lg-2 gutters-col-md-2 gutters-col-0 gutters-col-v-lg-2 gutters-col-v-md-2 gutters-col-v-2\">\n          <!---->\n          <div class=\"h-column h-column-container d-flex h-col-lg-12 h-col-md-6 h-col-12 style-1522-outer style-local-25-c13-outer\">\n            <div data-colibri-id=\"25-c13\" class=\"d-flex h-flex-basis h-column__inner h-px-lg-0 h-px-md-0 h-px-0 v-inner-lg-0 v-inner-md-0 v-inner-0 style-1522 style-local-25-c13 position-relative\">\n              <!---->\n              <!---->\n              <div class=\"w-100 h-y-container h-column__content h-column__v-align flex-basis-100 align-self-lg-start align-self-md-start align-self-start\">\n                <!---->\n                <div data-colibri-id=\"25-c14\" class=\"d-block style-1527 style-local-25-c14 position-relative h-element\">\n                  <!---->\n                  <div class=\"h-image__frame-container-outer\">\n                    <div class=\"h-image__frame-container\">\n                      <!---->\n                      <!---->\n                      <img loading=\"lazy\" decoding=\"async\" width=\"1593\" height=\"1734\" src=\"https:\/\/dacc.diocesisgetafe.es\/wp-content\/uploads\/2023\/05\/cropped-WhatsApp-Image-2023-05-25-at-13.09.02-1.jpeg\" class=\"wp-image-3760 style-1527-image style-local-25-c14-image\" alt=\"\" srcset=\"https:\/\/dacc.diocesisgetafe.es\/wp-content\/uploads\/2023\/05\/cropped-WhatsApp-Image-2023-05-25-at-13.09.02-1.jpeg 1593w, https:\/\/dacc.diocesisgetafe.es\/wp-content\/uploads\/2023\/05\/cropped-WhatsApp-Image-2023-05-25-at-13.09.02-1-276x300.jpeg 276w, https:\/\/dacc.diocesisgetafe.es\/wp-content\/uploads\/2023\/05\/cropped-WhatsApp-Image-2023-05-25-at-13.09.02-1-941x1024.jpeg 941w, https:\/\/dacc.diocesisgetafe.es\/wp-content\/uploads\/2023\/05\/cropped-WhatsApp-Image-2023-05-25-at-13.09.02-1-768x836.jpeg 768w, https:\/\/dacc.diocesisgetafe.es\/wp-content\/uploads\/2023\/05\/cropped-WhatsApp-Image-2023-05-25-at-13.09.02-1-1411x1536.jpeg 1411w\" sizes=\"auto, (max-width: 1593px) 100vw, 1593px\" \/>\n                      <div class=\"h-image__frame h-hide-lg h-hide-md h-hide-sm style-1527-frameImage style-local-25-c14-frameImage\"><\/div>\n                    <\/div>\n                  <\/div>\n                <\/div>\n                <div data-colibri-id=\"25-c15\" class=\"h-global-transition-all h-heading style-1524 style-local-25-c15 position-relative h-element\">\n                  <!---->\n                  <div class=\"h-heading__outer style-1524 style-local-25-c15\">\n                    <!---->\n                    <!---->\n                    <h4 class=\"\">Jes\u00fas\n                      <br>Ortiz de Z\u00e1rate&nbsp;<\/h4>\n                  <\/div>\n                <\/div>\n                <div data-colibri-id=\"25-c16\" class=\"h-text h-text-component style-1526 style-local-25-c16 position-relative h-element\">\n                  <!---->\n                  <!---->\n                  <div class=\"\">\n                    <p>\n                      <a href=\"mailto:catecumenadogetafe@gmail.com\" style=\"color: rgb(0, 102, 204); font-size: 90%; font-weight: 400; font-family: &quot;Playfair Display&quot;;\">catecumenadogetafe@gmail.com<\/a>\n                    <\/p>\n                  <\/div>\n                <\/div>\n              <\/div>\n            <\/div>\n          <\/div>\n        <\/div>\n      <\/div>\n    <\/div>\n  <\/div>\n  <div data-colibri-component=\"section\" data-colibri-id=\"25-c20\" id=\"about\" class=\"h-section h-section-global-spacing d-flex align-items-lg-center align-items-md-center align-items-center style-1728 style-local-25-c20 position-relative\">\n    <div class=\"background-wrapper\">\n      <div class=\"background-layer background-layer-media-container-lg\">\n        <!---->\n        <div class=\"overlay-layer\">\n          <div class=\"overlay-image-layer\" style=\"background-color: rgb(255, 255, 255); opacity: 0.53;\"><\/div>\n        <\/div>\n      <\/div>\n      <div class=\"background-layer background-layer-media-container-md\">\n        <!---->\n        <div class=\"overlay-layer\">\n          <div class=\"overlay-image-layer\" style=\"background-color: rgb(255, 255, 255); opacity: 0.53;\"><\/div>\n        <\/div>\n      <\/div>\n      <div class=\"background-layer background-layer-media-container\">\n        <!---->\n        <div class=\"overlay-layer\">\n          <div class=\"overlay-image-layer\" style=\"background-color: rgb(255, 255, 255); opacity: 0.53;\"><\/div>\n        <\/div>\n      <\/div>\n    <\/div>\n    <!---->\n    <div class=\"h-section-grid-container h-section-boxed-container\">\n      <!---->\n      <div data-colibri-id=\"25-c21\" class=\"h-row-container gutters-row-lg-0 gutters-row-md-0 gutters-row-0 gutters-row-v-lg-0 gutters-row-v-md-0 gutters-row-v-0 style-1729 style-local-25-c21 position-relative\">\n        <!---->\n        <div class=\"h-row justify-content-lg-center justify-content-md-center justify-content-center align-items-lg-stretch align-items-md-stretch align-items-stretch gutters-col-lg-0 gutters-col-md-0 gutters-col-0 gutters-col-v-lg-0 gutters-col-v-md-0 gutters-col-v-0\">\n          <!---->\n          <div class=\"h-column h-column-container d-flex h-col-lg-auto h-col-md-auto h-col-auto style-1730-outer style-local-25-c22-outer\">\n            <div data-colibri-id=\"25-c22\" class=\"d-flex h-flex-basis h-column__inner h-ui-empty-state-container h-px-lg-0 h-px-md-0 h-px-0 v-inner-lg-0 v-inner-md-0 v-inner-0 style-1730 style-local-25-c22 position-relative\">\n              <!---->\n              <!---->\n              <div class=\"w-100 h-y-container h-column__content h-column__v-align flex-basis-100\">\n                <!---->\n              <\/div>\n            <\/div>\n          <\/div>\n          <div class=\"h-column h-column-container d-flex h-col-lg-auto h-col-md-auto h-col-auto style-1731-outer style-local-25-c23-outer\">\n            <div data-colibri-id=\"25-c23\" class=\"d-flex h-flex-basis h-column__inner h-ui-empty-state-container h-px-lg-2 h-px-md-2 h-px-0 v-inner-lg-2 v-inner-md-2 v-inner-0 style-1731 style-local-25-c23 position-relative\">\n              <!---->\n              <!---->\n              <div class=\"w-100 h-y-container h-column__content h-column__v-align flex-basis-100\">\n                <!---->\n              <\/div>\n            <\/div>\n          <\/div>\n          <div class=\"h-column h-column-container d-flex h-col-lg-auto h-col-md-auto h-col-auto style-1732-outer style-local-25-c24-outer\">\n            <div data-colibri-id=\"25-c24\" class=\"d-flex h-flex-basis h-column__inner h-px-lg-3 h-px-md-3 h-px-3 v-inner-lg-3 v-inner-md-3 v-inner-3 style-1732 style-local-25-c24 position-relative\">\n              <!---->\n              <!---->\n              <div class=\"w-100 h-y-container h-column__content h-column__v-align flex-basis-100 align-self-lg-center align-self-md-center align-self-center\">\n                <!---->\n                <div data-colibri-id=\"25-c25\" class=\"h-global-transition-all h-heading style-1733 style-local-25-c25 position-relative h-element\">\n                  <!---->\n                  <div class=\"h-heading__outer style-1733 style-local-25-c25\">\n                    <!---->\n                    <!---->\n                    <h3 class=\"\">Catecumenado de&nbsp;<em style=\"color: rgb(246, 97, 66); font-family: &quot;Playfair Display&quot;;\">ni\u00f1os<\/em> y <em style=\"color: rgb(246, 97, 66); font-family: &quot;Playfair Display&quot;;\">adolescentes<\/em><em style=\"color: rgb(246, 97, 66); font-family: &quot;Playfair Display&quot;;\">.<\/em>&nbsp;\n                      <br>Lo que necesitas saber.<\/h3>\n                  <\/div>\n                <\/div>\n                <div data-colibri-id=\"25-c26\" class=\"h-text h-text-component style-1734 style-local-25-c26 position-relative h-element\">\n                  <!---->\n                  <!---->\n                  <div class=\"\">\n                    <p>Es cada vez m\u00e1s frecuente la petici\u00f3n de los sacramentos por parte de ni\u00f1os y adolescentes que no fueron bautizados de p\u00e1rvulos. En estos enlaces ten\u00e9is la explicaci\u00f3n del camino a recorrer con ellos:<\/p>\n                  <\/div>\n                <\/div>\n                <div data-colibri-id=\"25-c27\" class=\"h-x-container style-1735 style-local-25-c27 position-relative h-element\">\n                  <!---->\n                  <div class=\"h-x-container-inner style-dynamic-25-c27-group style-1735-spacing style-local-25-c27-spacing\"><span class=\"h-button__outer style-1736-outer style-local-25-c28-outer d-inline-flex h-element\"><a h-use-smooth-scroll=\"true\" href=\"https:\/\/evangelizacion.conferenciaepiscopal.es\/folleto-de-catecumenado-1-introduccion\" target=\"_blank\"  data-colibri-id=\"25-c28\" class=\"d-flex w-100 align-items-center h-button justify-content-lg-center justify-content-md-center justify-content-center style-1736 style-local-25-c28 position-relative\"><!----><!----> <span>1. Introducci\u00f3n<\/span><\/a>\n                    <\/span><span class=\"h-button__outer style-1737-outer style-local-25-c29-outer d-inline-flex h-element\"><a h-use-smooth-scroll=\"true\" href=\"https:\/\/evangelizacion.conferenciaepiscopal.es\/folleto-de-catecumenado-2-inquietud-socio-religiosa\" target=\"_blank\"  data-colibri-id=\"25-c29\" class=\"d-flex w-100 align-items-center h-button justify-content-lg-center justify-content-md-center justify-content-center style-1737 style-local-25-c29 position-relative\"><!----><!----> <span>2. Inquietud Religioso- social<\/span><\/a>\n                    <\/span><span class=\"h-button__outer style-1738-outer style-local-25-c30-outer d-inline-flex h-element\"><a h-use-smooth-scroll=\"true\" href=\"https:\/\/evangelizacion.conferenciaepiscopal.es\/folleto-de-catecumenado-3-precatecumenado\" target=\"_blank\"  data-colibri-id=\"25-c30\" class=\"d-flex w-100 align-items-center h-button justify-content-lg-center justify-content-md-center justify-content-center style-1738 style-local-25-c30 position-relative\"><!----><!----> <span>3. PRECATECUMENADO<\/span><\/a>\n                    <\/span><span class=\"h-button__outer style-1739-outer style-local-25-c31-outer d-inline-flex h-element\"><a h-use-smooth-scroll=\"true\" href=\"https:\/\/evangelizacion.conferenciaepiscopal.es\/folleto-de-catecumenado-4-fe-y-conversion-inicial\/\" target=\"_blank\"  data-colibri-id=\"25-c31\" class=\"d-flex w-100 align-items-center h-button justify-content-lg-center justify-content-md-center justify-content-center style-1739 style-local-25-c31 position-relative\"><!----><!----> <span>4. Fe y primera conversi\u00f3n<\/span><\/a>\n                    <\/span><span class=\"h-button__outer style-1740-outer style-local-25-c32-outer d-inline-flex h-element\"><a h-use-smooth-scroll=\"true\" href=\"https:\/\/evangelizacion.conferenciaepiscopal.es\/folleto-de-catecumenado-5-rito-de-entrada-al-catecumenado\/\" target=\"_blank\"  data-colibri-id=\"25-c32\" class=\"d-flex w-100 align-items-center h-button justify-content-lg-center justify-content-md-center justify-content-center style-1740 style-local-25-c32 position-relative\"><!----><!----> <span>5. Rito de entrada al Catecumenado<\/span><\/a>\n                    <\/span><span class=\"h-button__outer style-1741-outer style-local-25-c33-outer d-inline-flex h-element\"><a h-use-smooth-scroll=\"true\" href=\"https:\/\/evangelizacion.conferenciaepiscopal.es\/folleto-de-catecumenado-6-catecumenado\/\" target=\"_blank\"  data-colibri-id=\"25-c33\" class=\"d-flex w-100 align-items-center h-button justify-content-lg-center justify-content-md-center justify-content-center style-1741 style-local-25-c33 position-relative\"><!----><!----> <span>6. CATECUMENADO<\/span><\/a>\n                    <\/span><span class=\"h-button__outer style-1742-outer style-local-25-c34-outer d-inline-flex h-element\"><a h-use-smooth-scroll=\"true\" href=\"https:\/\/evangelizacion.conferenciaepiscopal.es\/folleto-de-catecumenado-7-purificacion-e-iluminacion-ritos-penitenciales\/\" target=\"_blank\"  data-colibri-id=\"25-c34\" class=\"d-flex w-100 align-items-center h-button justify-content-lg-center justify-content-md-center justify-content-center style-1742 style-local-25-c34 position-relative\"><!----><!----> <span>7. Purificaci\u00f3n e Iluminaci\u00f3n<\/span><\/a>\n                    <\/span><span class=\"h-button__outer style-1743-outer style-local-25-c35-outer d-inline-flex h-element\"><a h-use-smooth-scroll=\"true\" href=\"https:\/\/evangelizacion.conferenciaepiscopal.es\/folleto-de-catecumenado-8-celebracion-de-los-sacramentos-de-iniciacion\/\" target=\"_blank\"  data-colibri-id=\"25-c35\" class=\"d-flex w-100 align-items-center h-button justify-content-lg-center justify-content-md-center justify-content-center style-1743 style-local-25-c35 position-relative\"><!----><!----> <span>8. Celebraci\u00f3n de los sacramentos<\/span><\/a>\n                    <\/span><span class=\"h-button__outer style-1744-outer style-local-25-c36-outer d-inline-flex h-element\"><a h-use-smooth-scroll=\"true\" href=\"https:\/\/evangelizacion.conferenciaepiscopal.es\/folleto-de-catecumenado-9-mistagogia\/\" target=\"_blank\"  data-colibri-id=\"25-c36\" class=\"d-flex w-100 align-items-center h-button justify-content-lg-center justify-content-md-center justify-content-center style-1744 style-local-25-c36 position-relative\"><!----><!----> <span>9. MISTAGOG\u00cdA<\/span><\/a>\n                    <\/span>\n                  <\/div>\n                <\/div>\n              <\/div>\n            <\/div>\n          <\/div>\n        <\/div>\n      <\/div>\n    <\/div>\n  <\/div>\n  <div data-colibri-component=\"section\" data-colibri-id=\"25-c41\" id=\"features\" class=\"h-section h-section-global-spacing d-flex align-items-lg-start align-items-md-start align-items-start style-1090 style-local-25-c41 position-relative\">\n    <!---->\n    <!---->\n    <div class=\"h-section-grid-container h-section-fluid-container\">\n      <div data-colibri-id=\"25-c51\" class=\"h-row-container gutters-row-lg-2 gutters-row-md-2 gutters-row-0 gutters-row-v-lg-2 gutters-row-v-md-2 gutters-row-v-2 style-1099 style-local-25-c51 position-relative\">\n        <!---->\n        <div class=\"h-row justify-content-lg-center justify-content-md-center justify-content-center align-items-lg-stretch align-items-md-stretch align-items-stretch gutters-col-lg-2 gutters-col-md-2 gutters-col-0 gutters-col-v-lg-2 gutters-col-v-md-2 gutters-col-v-2\">\n          <!---->\n          <div class=\"h-column h-column-container d-flex h-col-lg-auto h-col-md-auto h-col-auto style-1100-outer style-local-25-c52-outer\">\n            <div data-colibri-id=\"25-c52\" class=\"d-flex h-flex-basis h-column__inner h-px-lg-2 h-px-md-2 h-px-2 v-inner-lg-2 v-inner-md-2 v-inner-2 style-1100 style-local-25-c52 position-relative\">\n              <!---->\n              <!---->\n              <div class=\"w-100 h-y-container h-column__content h-column__v-align flex-basis-100 align-self-lg-start align-self-md-start align-self-start\">\n                <!---->\n                <div data-colibri-id=\"25-c53\" class=\"h-global-transition-all h-heading style-1101 style-local-25-c53 position-relative h-element\">\n                  <!---->\n                  <div class=\"h-heading__outer style-1101 style-local-25-c53\">\n                    <!---->\n                    <!---->\n                    <h2 class=\"\">Los Ritos del Catecumenado en la Di\u00f3cesis<\/h2>\n                  <\/div>\n                <\/div>\n              <\/div>\n            <\/div>\n          <\/div>\n        <\/div>\n      <\/div>\n      <div data-colibri-id=\"25-c42\" class=\"h-row-container gutters-row-lg-2 gutters-row-md-2 gutters-row-2 gutters-row-v-lg-2 gutters-row-v-md-2 gutters-row-v-2 style-1091 style-local-25-c42 position-relative\">\n        <!---->\n        <div class=\"h-row justify-content-lg-center justify-content-md-center justify-content-center align-items-lg-stretch align-items-md-stretch align-items-stretch gutters-col-lg-2 gutters-col-md-2 gutters-col-2 gutters-col-v-lg-2 gutters-col-v-md-2 gutters-col-v-2\">\n          <!---->\n          <div class=\"h-column h-column-container d-flex h-col-lg-4 h-col-md-6 h-col-12 style-1092-outer style-local-25-c43-outer\">\n            <div data-colibri-id=\"25-c43\" class=\"d-flex h-flex-basis h-column__inner h-px-lg-0 h-px-md-0 h-px-0 v-inner-lg-0 v-inner-md-0 v-inner-0 style-1092 style-local-25-c43 position-relative\">\n              <!---->\n              <!---->\n              <div class=\"w-100 h-y-container h-column__content h-column__v-align flex-basis-100 align-self-lg-start align-self-md-start align-self-start\">\n                <!---->\n                <div data-colibri-id=\"25-c44\" class=\"h-row-container gutters-row-lg-0 gutters-row-md-0 gutters-row-0 gutters-row-v-lg-0 gutters-row-v-md-0 gutters-row-v-0 style-1093 style-local-25-c44 position-relative\">\n                  <!---->\n                  <div class=\"h-row justify-content-lg-center justify-content-md-center justify-content-center align-items-lg-stretch align-items-md-stretch align-items-stretch gutters-col-lg-0 gutters-col-md-0 gutters-col-0 gutters-col-v-lg-0 gutters-col-v-md-0 gutters-col-v-0\">\n                    <!---->\n                    <div class=\"h-column h-column-container d-flex h-col-lg-12 h-col-md-12 h-col-12 style-1094-outer style-local-25-c45-outer\">\n                      <div data-colibri-id=\"25-c45\" class=\"d-flex h-flex-basis h-column__inner h-px-lg-3 h-px-md-3 h-px-3 v-inner-lg-0 v-inner-md-0 v-inner-0 style-1094 style-local-25-c45 position-relative\">\n                        <!---->\n                        <!---->\n                        <div class=\"w-100 h-y-container h-column__content h-column__v-align flex-basis-100 align-self-lg-start align-self-md-start align-self-start\">\n                          <!---->\n                          <div data-colibri-id=\"25-c46\" class=\"d-block style-1095 style-local-25-c46 position-relative h-element\">\n                            <!---->\n                            <div class=\"h-image__frame-container-outer\">\n                              <a href=\"https:\/\/dacc.diocesisgetafe.es\/index.php\/noticias\/\" h-use-smooth-scroll=\"true\" class=\"image-link\">\n                                <div class=\"h-image__frame-container\">\n                                  <!---->\n                                  <!---->\n                                  <img loading=\"lazy\" decoding=\"async\" width=\"2560\" height=\"1707\" src=\"https:\/\/dacc.diocesisgetafe.es\/wp-content\/uploads\/2026\/04\/Cerro_0849-scaled.jpg\" class=\"wp-image-5818 style-1095-image style-local-25-c46-image\" alt=\"\" srcset=\"https:\/\/dacc.diocesisgetafe.es\/wp-content\/uploads\/2026\/04\/Cerro_0849-scaled.jpg 2560w, https:\/\/dacc.diocesisgetafe.es\/wp-content\/uploads\/2026\/04\/Cerro_0849-300x200.jpg 300w, https:\/\/dacc.diocesisgetafe.es\/wp-content\/uploads\/2026\/04\/Cerro_0849-1024x683.jpg 1024w, https:\/\/dacc.diocesisgetafe.es\/wp-content\/uploads\/2026\/04\/Cerro_0849-768x512.jpg 768w, https:\/\/dacc.diocesisgetafe.es\/wp-content\/uploads\/2026\/04\/Cerro_0849-1536x1024.jpg 1536w, https:\/\/dacc.diocesisgetafe.es\/wp-content\/uploads\/2026\/04\/Cerro_0849-2048x1365.jpg 2048w\" sizes=\"auto, (max-width: 2560px) 100vw, 2560px\" \/>\n                                  <div class=\"h-image__frame h-hide-lg h-hide-md h-hide-sm style-1095-frameImage style-local-25-c46-frameImage\"><\/div>\n                                <\/div>\n                              <\/a>\n                            <\/div>\n                          <\/div>\n                        <\/div>\n                      <\/div>\n                    <\/div>\n                    <div class=\"h-column h-column-container d-flex h-col-lg-12 h-col-md-12 h-col-12 style-1096-outer style-local-25-c47-outer\">\n                      <div data-colibri-id=\"25-c47\" class=\"d-flex h-flex-basis h-column__inner h-px-lg-3 h-px-md-3 h-px-3 v-inner-lg-3 v-inner-md-3 v-inner-3 style-1096 style-local-25-c47 position-relative\">\n                        <!---->\n                        <!---->\n                        <div class=\"w-100 h-y-container h-column__content h-column__v-align flex-basis-100 align-self-lg-start align-self-md-start align-self-start\">\n                          <!---->\n                          <div data-colibri-id=\"25-c48\" class=\"h-global-transition-all h-heading style-1097 style-local-25-c48 position-relative h-element\">\n                            <!---->\n                            <div class=\"h-heading__outer style-1097 style-local-25-c48\">\n                              <!---->\n                              <!---->\n                              <h5 class=\"\">VIGILIA PASCUAL\n                                <br>48 adultos bautizados\n                                <br>04. 04.2026<\/h5>\n                            <\/div>\n                          <\/div>\n                          <div data-colibri-id=\"25-c49\" class=\"h-x-container style-1145 style-local-25-c49 position-relative h-element\">\n                            <!---->\n                            <div class=\"h-x-container-inner style-dynamic-25-c49-group style-1145-spacing style-local-25-c49-spacing\"><span class=\"h-link__outer style-1146-outer style-local-25-c50-outer d-inline-flex h-element\"><a h-use-smooth-scroll=\"true\" href=\"https:\/\/www.diocesisgetafe.es\/2026\/02\/23\/medio-centenar-de-catecumenos-participan-en-el-rito-de-la-eleccion-la-catedral-de-getafe-se-prepara-para-una-pascua-historica\/\"  data-colibri-id=\"25-c50\" class=\"d-flex w-100 align-items-center h-link style-1146 style-local-25-c50 position-relative\"><!----><!----> <span>Leer noticia<\/span><\/a>\n                              <\/span>\n                            <\/div>\n                          <\/div>\n                        <\/div>\n                      <\/div>\n                    <\/div>\n                  <\/div>\n                <\/div>\n              <\/div>\n            <\/div>\n          <\/div>\n          <div class=\"h-column h-column-container d-flex h-col-lg-4 h-col-md-6 h-col-12 style-1092-outer style-local-25-c72-outer\">\n            <div data-colibri-id=\"25-c72\" class=\"d-flex h-flex-basis h-column__inner h-px-lg-0 h-px-md-0 h-px-0 v-inner-lg-0 v-inner-md-0 v-inner-0 style-1092 style-local-25-c72 position-relative\">\n              <!---->\n              <!---->\n              <div class=\"w-100 h-y-container h-column__content h-column__v-align flex-basis-100 align-self-lg-start align-self-md-start align-self-start\">\n                <!---->\n                <div data-colibri-id=\"25-c73\" class=\"h-row-container gutters-row-lg-0 gutters-row-md-0 gutters-row-0 gutters-row-v-lg-0 gutters-row-v-md-0 gutters-row-v-0 style-1093 style-local-25-c73 position-relative\">\n                  <!---->\n                  <div class=\"h-row justify-content-lg-center justify-content-md-center justify-content-center align-items-lg-stretch align-items-md-stretch align-items-stretch gutters-col-lg-0 gutters-col-md-0 gutters-col-0 gutters-col-v-lg-0 gutters-col-v-md-0 gutters-col-v-0\">\n                    <!---->\n                    <div class=\"h-column h-column-container d-flex h-col-lg-12 h-col-md-12 h-col-12 style-1094-outer style-local-25-c74-outer\">\n                      <div data-colibri-id=\"25-c74\" class=\"d-flex h-flex-basis h-column__inner h-px-lg-3 h-px-md-3 h-px-3 v-inner-lg-0 v-inner-md-0 v-inner-0 style-1094 style-local-25-c74 position-relative\">\n                        <!---->\n                        <!---->\n                        <div class=\"w-100 h-y-container h-column__content h-column__v-align flex-basis-100 align-self-lg-start align-self-md-start align-self-start\">\n                          <!---->\n                          <div data-colibri-id=\"25-c75\" class=\"d-block style-1095 style-local-25-c75 position-relative h-element\">\n                            <!---->\n                            <div class=\"h-image__frame-container-outer\">\n                              <a href=\"https:\/\/dacc.diocesisgetafe.es\/index.php\/noticias\/\" h-use-smooth-scroll=\"true\" class=\"image-link\">\n                                <div class=\"h-image__frame-container\">\n                                  <!---->\n                                  <!---->\n                                  <img loading=\"lazy\" decoding=\"async\" width=\"666\" height=\"430\" src=\"https:\/\/dacc.diocesisgetafe.es\/wp-content\/uploads\/2026\/04\/cropped-rito-eleccion-catedral-obispo-diocesis-getafe.jpeg\" class=\"wp-image-5809 style-1095-image style-local-25-c75-image\" alt=\"\" srcset=\"https:\/\/dacc.diocesisgetafe.es\/wp-content\/uploads\/2026\/04\/cropped-rito-eleccion-catedral-obispo-diocesis-getafe.jpeg 666w, https:\/\/dacc.diocesisgetafe.es\/wp-content\/uploads\/2026\/04\/cropped-rito-eleccion-catedral-obispo-diocesis-getafe-300x194.jpeg 300w\" sizes=\"auto, (max-width: 666px) 100vw, 666px\" \/>\n                                  <div class=\"h-image__frame h-hide-lg h-hide-md h-hide-sm style-1095-frameImage style-local-25-c75-frameImage\"><\/div>\n                                <\/div>\n                              <\/a>\n                            <\/div>\n                          <\/div>\n                        <\/div>\n                      <\/div>\n                    <\/div>\n                    <div class=\"h-column h-column-container d-flex h-col-lg-12 h-col-md-12 h-col-12 style-1096-outer style-local-25-c76-outer\">\n                      <div data-colibri-id=\"25-c76\" class=\"d-flex h-flex-basis h-column__inner h-px-lg-3 h-px-md-3 h-px-3 v-inner-lg-3 v-inner-md-3 v-inner-3 style-1096 style-local-25-c76 position-relative\">\n                        <!---->\n                        <!---->\n                        <div class=\"w-100 h-y-container h-column__content h-column__v-align flex-basis-100 align-self-lg-start align-self-md-start align-self-start\">\n                          <!---->\n                          <div data-colibri-id=\"25-c77\" class=\"h-global-transition-all h-heading style-1097 style-local-25-c77 position-relative h-element\">\n                            <!---->\n                            <div class=\"h-heading__outer style-1097 style-local-25-c77\">\n                              <!---->\n                              <!---->\n                              <h5 class=\"\">Rito de elecci\u00f3n en el catecumenado de adultos\n                                <br>22.02.2026<\/h5>\n                            <\/div>\n                          <\/div>\n                          <div data-colibri-id=\"25-c78\" class=\"h-x-container style-1145 style-local-25-c78 position-relative h-element\">\n                            <!---->\n                            <div class=\"h-x-container-inner style-dynamic-25-c78-group style-1145-spacing style-local-25-c78-spacing\"><span class=\"h-link__outer style-1146-outer style-local-25-c79-outer d-inline-flex h-element\"><a h-use-smooth-scroll=\"true\" href=\"https:\/\/www.diocesisgetafe.es\/2026\/02\/23\/medio-centenar-de-catecumenos-participan-en-el-rito-de-la-eleccion-la-catedral-de-getafe-se-prepara-para-una-pascua-historica\/\"  data-colibri-id=\"25-c79\" class=\"d-flex w-100 align-items-center h-link style-1146 style-local-25-c79 position-relative\"><!----><!----> <span>Leer noticia<\/span><\/a>\n                              <\/span>\n                            <\/div>\n                          <\/div>\n                        <\/div>\n                      <\/div>\n                    <\/div>\n                  <\/div>\n                <\/div>\n              <\/div>\n            <\/div>\n          <\/div>\n          <div class=\"h-column h-column-container d-flex h-col-lg-4 h-col-md-6 h-col-12 style-1092-outer style-local-25-c64-outer\">\n            <div data-colibri-id=\"25-c64\" class=\"d-flex h-flex-basis h-column__inner h-px-lg-0 h-px-md-0 h-px-0 v-inner-lg-0 v-inner-md-0 v-inner-0 style-1092 style-local-25-c64 position-relative\">\n              <!---->\n              <!---->\n              <div class=\"w-100 h-y-container h-column__content h-column__v-align flex-basis-100 align-self-lg-start align-self-md-start align-self-start\">\n                <!---->\n                <div data-colibri-id=\"25-c65\" class=\"h-row-container gutters-row-lg-0 gutters-row-md-0 gutters-row-0 gutters-row-v-lg-0 gutters-row-v-md-0 gutters-row-v-0 style-1093 style-local-25-c65 position-relative\">\n                  <!---->\n                  <div class=\"h-row justify-content-lg-center justify-content-md-center justify-content-center align-items-lg-stretch align-items-md-stretch align-items-stretch gutters-col-lg-0 gutters-col-md-0 gutters-col-0 gutters-col-v-lg-0 gutters-col-v-md-0 gutters-col-v-0\">\n                    <!---->\n                    <div class=\"h-column h-column-container d-flex h-col-lg-12 h-col-md-12 h-col-12 style-1094-outer style-local-25-c66-outer\">\n                      <div data-colibri-id=\"25-c66\" class=\"d-flex h-flex-basis h-column__inner h-px-lg-3 h-px-md-3 h-px-3 v-inner-lg-0 v-inner-md-0 v-inner-0 style-1094 style-local-25-c66 position-relative\">\n                        <!---->\n                        <!---->\n                        <div class=\"w-100 h-y-container h-column__content h-column__v-align flex-basis-100 align-self-lg-start align-self-md-start align-self-start\">\n                          <!---->\n                          <div data-colibri-id=\"25-c67\" class=\"d-block style-1095 style-local-25-c67 position-relative h-element\">\n                            <!---->\n                            <div class=\"h-image__frame-container-outer\">\n                              <a href=\"https:\/\/dacc.diocesisgetafe.es\/index.php\/noticias\/\" h-use-smooth-scroll=\"true\" class=\"image-link\">\n                                <div class=\"h-image__frame-container\">\n                                  <!---->\n                                  <!---->\n                                  <img loading=\"lazy\" decoding=\"async\" width=\"2560\" height=\"1440\" src=\"https:\/\/dacc.diocesisgetafe.es\/wp-content\/uploads\/2022\/12\/FullSizeRender-7-scaled.jpg\" class=\"wp-image-1934 style-1095-image style-local-25-c67-image\" alt=\"\" srcset=\"https:\/\/dacc.diocesisgetafe.es\/wp-content\/uploads\/2022\/12\/FullSizeRender-7-scaled.jpg 2560w, https:\/\/dacc.diocesisgetafe.es\/wp-content\/uploads\/2022\/12\/FullSizeRender-7-300x169.jpg 300w, https:\/\/dacc.diocesisgetafe.es\/wp-content\/uploads\/2022\/12\/FullSizeRender-7-1024x576.jpg 1024w, https:\/\/dacc.diocesisgetafe.es\/wp-content\/uploads\/2022\/12\/FullSizeRender-7-768x432.jpg 768w, https:\/\/dacc.diocesisgetafe.es\/wp-content\/uploads\/2022\/12\/FullSizeRender-7-1536x864.jpg 1536w, https:\/\/dacc.diocesisgetafe.es\/wp-content\/uploads\/2022\/12\/FullSizeRender-7-2048x1152.jpg 2048w\" sizes=\"auto, (max-width: 2560px) 100vw, 2560px\" \/>\n                                  <div class=\"h-image__frame h-hide-lg h-hide-md h-hide-sm style-1095-frameImage style-local-25-c67-frameImage\"><\/div>\n                                <\/div>\n                              <\/a>\n                            <\/div>\n                          <\/div>\n                        <\/div>\n                      <\/div>\n                    <\/div>\n                    <div class=\"h-column h-column-container d-flex h-col-lg-12 h-col-md-12 h-col-12 style-1096-outer style-local-25-c68-outer\">\n                      <div data-colibri-id=\"25-c68\" class=\"d-flex h-flex-basis h-column__inner h-px-lg-3 h-px-md-3 h-px-3 v-inner-lg-3 v-inner-md-3 v-inner-3 style-1096 style-local-25-c68 position-relative\">\n                        <!---->\n                        <!---->\n                        <div class=\"w-100 h-y-container h-column__content h-column__v-align flex-basis-100 align-self-lg-start align-self-md-start align-self-start\">\n                          <!---->\n                          <div data-colibri-id=\"25-c69\" class=\"h-global-transition-all h-heading style-1097 style-local-25-c69 position-relative h-element\">\n                            <!---->\n                            <div class=\"h-heading__outer style-1097 style-local-25-c69\">\n                              <!---->\n                              <!---->\n                              <h5 class=\"\">Rito de entrada&nbsp;en el catecumenado de ni\u00f1os y adolescentes\n                                <br>27.11.2022<\/h5>\n                            <\/div>\n                          <\/div>\n                          <div data-colibri-id=\"25-c70\" class=\"h-x-container style-1145 style-local-25-c70 position-relative h-element\">\n                            <!---->\n                            <div class=\"h-x-container-inner style-dynamic-25-c70-group style-1145-spacing style-local-25-c70-spacing\"><span class=\"h-link__outer style-1146-outer style-local-25-c71-outer d-inline-flex h-element\"><a h-use-smooth-scroll=\"true\" href=\"https:\/\/dacc.diocesisgetafe.es\/index.php\/noticias\/\"  data-colibri-id=\"25-c71\" class=\"d-flex w-100 align-items-center h-link style-1146 style-local-25-c71 position-relative\"><!----><!----> <span>Leer noticia<\/span><\/a>\n                              <\/span>\n                            <\/div>\n                          <\/div>\n                        <\/div>\n                      <\/div>\n                    <\/div>\n                  <\/div>\n                <\/div>\n              <\/div>\n            <\/div>\n          <\/div>\n        <\/div>\n      <\/div>\n      <div data-colibri-id=\"25-c80\" class=\"h-row-container gutters-row-lg-2 gutters-row-md-2 gutters-row-0 gutters-row-v-lg-2 gutters-row-v-md-2 gutters-row-v-2 style-2222 style-local-25-c80 position-relative\">\n        <!---->\n        <div class=\"h-row justify-content-lg-center justify-content-md-center justify-content-center align-items-lg-stretch align-items-md-stretch align-items-stretch gutters-col-lg-2 gutters-col-md-2 gutters-col-0 gutters-col-v-lg-2 gutters-col-v-md-2 gutters-col-v-2\">\n          <!---->\n          <div class=\"h-column h-column-container d-flex h-col-lg-auto h-col-md-auto h-col-auto style-2223-outer style-local-25-c81-outer\">\n            <div data-colibri-id=\"25-c81\" class=\"d-flex h-flex-basis h-column__inner h-px-lg-2 h-px-md-2 h-px-2 v-inner-lg-2 v-inner-md-2 v-inner-2 style-2223 style-local-25-c81 position-relative\">\n              <!---->\n              <!---->\n              <div class=\"w-100 h-y-container h-column__content h-column__v-align flex-basis-100 align-self-lg-start align-self-md-start align-self-start\">\n                <!---->\n                <div data-colibri-id=\"25-c82\" class=\"h-icon style-2221 style-local-25-c82 position-relative h-element\">\n                  <!---->\n                  <a href=\"https:\/\/youtube.com\/playlist?list=PLvvXgqBKsdfPY6zuDNsDl9gkzWMK3_jTj&amp;si=wL2lYtgrgA70jlOa\" h-use-smooth-scroll=\"true\"><span class=\"h-svg-icon h-icon__icon style-2221-icon style-local-25-c82-icon\"><!--Icon by Font Awesome (https:\/\/fontawesome.com)-->\n    <svg version=\"1.1\" xmlns=\"http:\/\/www.w3.org\/2000\/svg\" xmlns:xlink=\"http:\/\/www.w3.org\/1999\/xlink\" id=\"play\" viewBox=\"0 0 1408 1896.0833\">\n      <path d=\"M1384 927L56 1665q-23 13-39.5 3T0 1632V160q0-26 16.5-36t39.5 3l1328 738q23 13 23 31t-23 31z\"><\/path>\n    <\/svg><\/span><\/a>\n                <\/div>\n              <\/div>\n            <\/div>\n          <\/div>\n        <\/div>\n      <\/div>\n    <\/div>\n  <\/div>\n  <div data-colibri-component=\"section\" data-colibri-id=\"25-c55\" id=\"reusable-sections-2\" class=\"h-section h-section-global-spacing d-flex align-items-lg-center align-items-md-center align-items-center style-1155 style-local-25-c55 position-relative\">\n    <!---->\n    <!---->\n    <div class=\"h-section-grid-container h-section-boxed-container\">\n      <!---->\n      <div data-colibri-id=\"25-c56\" class=\"h-row-container gutters-row-lg-2 gutters-row-md-2 gutters-row-2 gutters-row-v-lg-2 gutters-row-v-md-2 gutters-row-v-2 style-1156 style-local-25-c56 position-relative\">\n        <!---->\n        <div class=\"h-row justify-content-lg-center justify-content-md-center justify-content-center align-items-lg-stretch align-items-md-stretch align-items-stretch gutters-col-lg-2 gutters-col-md-2 gutters-col-2 gutters-col-v-lg-2 gutters-col-v-md-2 gutters-col-v-2\">\n          <!---->\n          <div class=\"h-column h-column-container d-flex h-col-lg-auto h-col-md-auto h-col-auto style-1157-outer style-local-25-c57-outer\">\n            <div data-colibri-id=\"25-c57\" class=\"d-flex h-flex-basis h-column__inner h-px-lg-0 h-px-md-0 h-px-0 v-inner-lg-0 v-inner-md-0 v-inner-0 style-1157 style-local-25-c57 position-relative\">\n              <div class=\"background-wrapper\">\n                <div class=\"background-layer background-layer-media-container-lg\">\n                  <!---->\n                  <div class=\"overlay-layer\">\n                    <div class=\"overlay-image-layer\" style=\"background-color: rgb(255, 255, 255); opacity: 0.8;\"><\/div>\n                  <\/div>\n                <\/div>\n                <div class=\"background-layer background-layer-media-container-md\">\n                  <!---->\n                  <div class=\"overlay-layer\">\n                    <div class=\"overlay-image-layer\" style=\"background-color: rgb(255, 255, 255); opacity: 0.8;\"><\/div>\n                  <\/div>\n                <\/div>\n                <div class=\"background-layer background-layer-media-container\">\n                  <!---->\n                  <div class=\"overlay-layer\">\n                    <div class=\"overlay-image-layer\" style=\"background-color: rgb(255, 255, 255); opacity: 0.8;\"><\/div>\n                  <\/div>\n                <\/div>\n              <\/div>\n              <!---->\n              <div class=\"w-100 h-y-container h-column__content h-column__v-align flex-basis-100 align-self-lg-center align-self-md-center align-self-center\">\n                <!---->\n                <div data-colibri-id=\"25-c58\" class=\"h-global-transition-all h-heading style-1158 style-local-25-c58 position-relative h-element\">\n                  <!---->\n                  <div class=\"h-heading__outer style-1158 style-local-25-c58\">\n                    <!---->\n                    <!---->\n                    <h3 class=\"\">\u00bfTienes alguna <span style=\"color: rgb(246, 97, 66);\">pregunta<\/span><span style=\"color: rgba(254, 150, 55, 0.99);\"> <\/span>o <span style=\"color: rgb(246, 97, 66);\">sugerencia<\/span>?<\/h3>\n                  <\/div>\n                <\/div>\n                <div data-colibri-id=\"25-c59\" class=\"h-contact-form__outer--forminator style-1159 style-local-25-c59 position-relative h-element\">\n                  <!---->\n                  <div class=\"h-global-transition-all h-global-transition h-global-transition-all h-contact-form-shortcode\"><div class=\"forminator-ui forminator-custom-form forminator-custom-form-873 forminator-design--material  forminator_ajax\" data-forminator-render=\"0\" data-form=\"forminator-module-873\" data-uid=\"69f28ef53c966\"><br\/><\/div><form\n\t\t\t\tid=\"forminator-module-873\"\n\t\t\t\tclass=\"forminator-ui forminator-custom-form forminator-custom-form-873 forminator-design--material  forminator_ajax\"\n\t\t\t\tmethod=\"post\"\n\t\t\t\tdata-forminator-render=\"0\"\n\t\t\t\tdata-form-id=\"873\"\n\t\t\t\t data-color-option=\"default\" data-design=\"material\" data-grid=\"open\" style=\"display: none;\"\n\t\t\t\tdata-uid=\"69f28ef53c966\"\n\t\t\t><div role=\"alert\" aria-live=\"polite\" class=\"forminator-response-message forminator-error\" aria-hidden=\"true\"><\/div><div class=\"forminator-row\"><div id=\"name-1\" class=\"forminator-field-name forminator-col forminator-col-12 \"><div class=\"forminator-row forminator-no-margin\" data-multiple=\"true\"><div class=\"forminator-col forminator-col-md-6\"><div class=\"forminator-field\"><label for=\"forminator-field-first-name-1_69f28ef53c966\" id=\"forminator-field-first-name-1_69f28ef53c966-label\" class=\"forminator-label\">Nombre <span class=\"forminator-required\">*<\/span><\/label><input type=\"text\" name=\"name-1-first-name\" placeholder=\"Ejemplo: Juan\" id=\"forminator-field-first-name-1_69f28ef53c966\" class=\"forminator-input\" aria-required=\"true\" data-multi=\"1\" autocomplete=\"given-name\" value=\"\" \/><\/div><\/div><div class=\"forminator-col forminator-col-md-6\"><div class=\"forminator-field\"><label for=\"forminator-field-last-name-1_69f28ef53c966\" id=\"forminator-field-last-name-1_69f28ef53c966-label\" class=\"forminator-label\">Apellidos <span class=\"forminator-required\">*<\/span><\/label><input type=\"text\" name=\"name-1-last-name\" placeholder=\"Ejemplo: P\u00e9rez\" id=\"forminator-field-last-name-1_69f28ef53c966\" class=\"forminator-input\" aria-required=\"true\" data-multi=\"1\" autocomplete=\"family-name\" value=\"\" \/><\/div><\/div><\/div><\/div><\/div><div class=\"forminator-row\"><div id=\"email-1\" class=\"forminator-field-email forminator-col forminator-col-12 \"><div class=\"forminator-field\"><label for=\"forminator-field-email-1_69f28ef53c966\" id=\"forminator-field-email-1_69f28ef53c966-label\" class=\"forminator-label\">Correo electr\u00f3nico <span class=\"forminator-required\">*<\/span><\/label><input type=\"email\" name=\"email-1\" value=\"\" placeholder=\"Ej . : john@doe.com\" id=\"forminator-field-email-1_69f28ef53c966\" class=\"forminator-input forminator-email--field\" data-required=\"true\" aria-required=\"true\" autocomplete=\"email\" \/><\/div><\/div><\/div><div class=\"forminator-row\"><div id=\"address-1\" class=\"forminator-field-address forminator-col forminator-col-12 \"><div class=\"forminator-row\" data-multiple=\"false\"><div id=\"address-1-city\" class=\"forminator-col forminator-col-12\"><div class=\"forminator-field\"><label for=\"forminator-field-address-1-city_69f28ef53c966\" id=\"forminator-field-address-1-city_69f28ef53c966-label\" class=\"forminator-label\">Ciudad<\/label><input type=\"text\" name=\"address-1-city\" placeholder=\"Ejemplo: Madrid\" id=\"forminator-field-address-1-city_69f28ef53c966\" class=\"forminator-input\" data-required=\"\" aria-required=\"false\" autocomplete=\"address-level2\" value=\"\" \/><\/div><\/div><\/div><\/div><\/div><div class=\"forminator-row\"><div id=\"textarea-1\" class=\"forminator-field-textarea forminator-col forminator-col-12 \"><div class=\"forminator-field\"><label for=\"forminator-field-textarea-1_69f28ef53c966\" id=\"forminator-field-textarea-1_69f28ef53c966-label\" class=\"forminator-label\">\u00bfNecesitas algo de nosotros?<\/label><textarea name=\"textarea-1\" placeholder=\"Introduce tu mensaje...\" id=\"forminator-field-textarea-1_69f28ef53c966\" class=\"forminator-textarea\" rows=\"6\" style=\"min-height:140px;\" maxlength=\"180\" ><\/textarea><span id=\"forminator-field-textarea-1_69f28ef53c966-description\" class=\"forminator-description\"><span data-limit=\"180\" data-type=\"characters\" data-editor=\"\">0 \/ 180<\/span><\/span><\/div><\/div><\/div><input type=\"hidden\" name=\"referer_url\" value=\"\" \/><div class=\"forminator-row forminator-row-last\"><div class=\"forminator-col\"><div class=\"forminator-field\"><button class=\"forminator-button forminator-button-submit\"><span>Enviar mensaje<\/span><span aria-hidden=\"true\"><\/span><\/button><\/div><\/div><\/div><input type=\"hidden\" id=\"forminator_nonce\" name=\"forminator_nonce\" value=\"e7aff76c21\" \/><input type=\"hidden\" name=\"_wp_http_referer\" value=\"\/index.php\/wp-json\/wp\/v2\/pages\/25\" \/><input type=\"hidden\" name=\"form_id\" value=\"873\"><input type=\"hidden\" name=\"page_id\" value=\"25\"><input type=\"hidden\" name=\"form_type\" value=\"default\"><input type=\"hidden\" name=\"current_url\" value=\"https:\/\/dacc.diocesisgetafe.es\/index.php\/catecumenado\/\"><input type=\"hidden\" name=\"render_id\" value=\"0\"><input type=\"hidden\" name=\"action\" value=\"forminator_submit_form_custom-forms\"><\/form><\/div>\n                <\/div>\n              <\/div>\n            <\/div>\n          <\/div>\n        <\/div>\n      <\/div>\n    <\/div>\n  <\/div>\n<\/div>","protected":false},"excerpt":{"rendered":"<p>\u00c1rea de catecumenadodelegaci\u00f3n de anuncio, Catecumenado y catequesis \u00abId, pues, y haced disc\u00edpulos a todos los pueblos, bautiz\u00e1ndolos en el nombre del Padre y del Hijo y del Esp\u00edritu Santo; ense\u00f1\u00e1ndoles a guardar todo lo que os he mandado. Y sabed que yo estoy con vosotros todos los d\u00edas, hasta el final de los tiempos [&hellip;]<\/p>\n","protected":false},"author":1,"featured_media":0,"parent":0,"menu_order":0,"comment_status":"closed","ping_status":"closed","template":"page-templates\/full-width-page.php","meta":{"_bbp_topic_count":0,"_bbp_reply_count":0,"_bbp_total_topic_count":0,"_bbp_total_reply_count":0,"_bbp_voice_count":0,"_bbp_anonymous_reply_count":0,"_bbp_topic_count_hidden":0,"_bbp_reply_count_hidden":0,"_bbp_forum_subforum_count":0,"footnotes":""},"class_list":["post-25","page","type-page","status-publish","hentry"],"_links":{"self":[{"href":"https:\/\/dacc.diocesisgetafe.es\/index.php\/wp-json\/wp\/v2\/pages\/25","targetHints":{"allow":["GET"]}}],"collection":[{"href":"https:\/\/dacc.diocesisgetafe.es\/index.php\/wp-json\/wp\/v2\/pages"}],"about":[{"href":"https:\/\/dacc.diocesisgetafe.es\/index.php\/wp-json\/wp\/v2\/types\/page"}],"author":[{"embeddable":true,"href":"https:\/\/dacc.diocesisgetafe.es\/index.php\/wp-json\/wp\/v2\/users\/1"}],"replies":[{"embeddable":true,"href":"https:\/\/dacc.diocesisgetafe.es\/index.php\/wp-json\/wp\/v2\/comments?post=25"}],"version-history":[{"count":20,"href":"https:\/\/dacc.diocesisgetafe.es\/index.php\/wp-json\/wp\/v2\/pages\/25\/revisions"}],"predecessor-version":[{"id":5827,"href":"https:\/\/dacc.diocesisgetafe.es\/index.php\/wp-json\/wp\/v2\/pages\/25\/revisions\/5827"}],"wp:attachment":[{"href":"https:\/\/dacc.diocesisgetafe.es\/index.php\/wp-json\/wp\/v2\/media?parent=25"}],"curies":[{"name":"wp","href":"https:\/\/api.w.org\/{rel}","templated":true}]}}