{"id":106,"date":"2022-03-15T11:54:57","date_gmt":"2022-03-15T10:54:57","guid":{"rendered":"https:\/\/dacc.diocesisgetafe.es\/index.php\/althea-wp\/"},"modified":"2026-04-23T10:47:51","modified_gmt":"2026-04-23T09:47:51","slug":"althea-wp","status":"publish","type":"page","link":"https:\/\/dacc.diocesisgetafe.es\/","title":{"rendered":"Inicio"},"content":{"rendered":"<div data-colibri-id=\"106-c1\" class=\"style-189 style-local-106-c1 position-relative\">\n  <!---->\n  <div data-colibri-component=\"section\" data-colibri-id=\"106-c2\" id=\"areas\" class=\"h-section h-section-global-spacing d-flex align-items-lg-start align-items-md-start align-items-start style-874 style-local-106-c2 position-relative\">\n    <div class=\"background-wrapper\">\n      <div class=\"background-layer background-layer-media-container-lg\">\n        <!---->\n        <div class=\"overlay-layer\">\n          <div class=\"overlay-image-layer\" style=\"background-color: rgb(239, 234, 234); opacity: 0.5;\"><\/div>\n        <\/div>\n      <\/div>\n      <div class=\"background-layer background-layer-media-container-md\">\n        <!---->\n        <div class=\"overlay-layer\">\n          <div class=\"overlay-image-layer\" style=\"background-color: rgb(239, 234, 234); opacity: 0.5;\"><\/div>\n        <\/div>\n      <\/div>\n      <div class=\"background-layer background-layer-media-container\">\n        <!---->\n        <div class=\"overlay-layer\">\n          <div class=\"overlay-image-layer\" style=\"background-color: rgb(239, 234, 234); opacity: 0.5;\"><\/div>\n        <\/div>\n      <\/div>\n    <\/div>\n    <!---->\n    <div class=\"h-section-grid-container h-section-fluid-container\">\n      <!---->\n      <div data-colibri-id=\"106-c3\" class=\"h-row-container gutters-row-lg-2 gutters-row-md-2 gutters-row-0 gutters-row-v-lg-2 gutters-row-v-md-2 gutters-row-v-2 style-898 style-local-106-c3 position-relative\">\n        <!---->\n        <div class=\"h-row justify-content-lg-center justify-content-md-center justify-content-center align-items-lg-stretch align-items-md-stretch align-items-stretch gutters-col-lg-2 gutters-col-md-2 gutters-col-0 gutters-col-v-lg-2 gutters-col-v-md-2 gutters-col-v-2\">\n          <!---->\n          <div class=\"h-column h-column-container d-flex h-col-lg-auto h-col-md-auto h-col-auto style-892-outer style-local-106-c4-outer\">\n            <div data-colibri-id=\"106-c4\" class=\"d-flex h-flex-basis h-column__inner h-px-lg-2 h-px-md-2 h-px-2 v-inner-lg-2 v-inner-md-2 v-inner-2 style-892 style-local-106-c4 position-relative\">\n              <!---->\n              <!---->\n              <div class=\"w-100 h-y-container h-column__content h-column__v-align flex-basis-100 align-self-lg-center align-self-md-start align-self-center\">\n                <!---->\n                <div data-colibri-id=\"106-c5\" class=\"d-block style-900 style-local-106-c5 position-relative h-element\">\n                  <!---->\n                  <div class=\"h-image__frame-container-outer\">\n                    <a href=\"https:\/\/dacc.diocesisgetafe.es\/index.php\/primer-anuncio\/\" h-use-smooth-scroll=\"true\" class=\"image-link\">\n                      <div class=\"h-image__frame-container\">\n                        <!---->\n                        <!---->\n                        <img loading=\"lazy\" decoding=\"async\" width=\"1536\" height=\"1536\" src=\"https:\/\/dacc.diocesisgetafe.es\/wp-content\/uploads\/2025\/12\/Primer-Anuncio@3x.png\" class=\"wp-image-5246 style-900-image style-local-106-c5-image\" alt=\"\" srcset=\"https:\/\/dacc.diocesisgetafe.es\/wp-content\/uploads\/2025\/12\/Primer-Anuncio@3x.png 1536w, https:\/\/dacc.diocesisgetafe.es\/wp-content\/uploads\/2025\/12\/Primer-Anuncio@3x-300x300.png 300w, https:\/\/dacc.diocesisgetafe.es\/wp-content\/uploads\/2025\/12\/Primer-Anuncio@3x-1024x1024.png 1024w, https:\/\/dacc.diocesisgetafe.es\/wp-content\/uploads\/2025\/12\/Primer-Anuncio@3x-150x150.png 150w, https:\/\/dacc.diocesisgetafe.es\/wp-content\/uploads\/2025\/12\/Primer-Anuncio@3x-768x768.png 768w\" sizes=\"auto, (max-width: 1536px) 100vw, 1536px\" \/>\n                        <div class=\"h-image__frame h-hide-lg h-hide-md h-hide-sm style-900-frameImage style-local-106-c5-frameImage\"><\/div>\n                      <\/div>\n                    <\/a>\n                  <\/div>\n                <\/div>\n                <div data-colibri-id=\"106-c6\" class=\"h-text h-text-component style-943 style-local-106-c6 position-relative h-element\">\n                  <!---->\n                  <!---->\n                  <div class=\"\">\n                    <h3><strong style=\"color: rgb(246, 97, 66); font-size: 22.24px;\">PRIMER ANUNCIO<\/strong><\/h3>\n                    <p>\n                      <br>\n                    <\/p>\n                  <\/div>\n                <\/div>\n              <\/div>\n            <\/div>\n          <\/div>\n          <div class=\"h-column h-column-container d-flex h-col-lg-auto h-col-md-auto h-col-auto style-892-outer style-local-106-c7-outer\">\n            <div data-colibri-id=\"106-c7\" class=\"d-flex h-flex-basis h-column__inner h-px-lg-2 h-px-md-2 h-px-2 v-inner-lg-2 v-inner-md-2 v-inner-2 style-892 style-local-106-c7 position-relative\">\n              <!---->\n              <!---->\n              <div class=\"w-100 h-y-container h-column__content h-column__v-align flex-basis-100 align-self-lg-center align-self-md-start align-self-center\">\n                <!---->\n                <div data-colibri-id=\"106-c8\" class=\"d-block style-908 style-local-106-c8 position-relative h-element\">\n                  <!---->\n                  <div class=\"h-image__frame-container-outer\">\n                    <a href=\"https:\/\/dacc.diocesisgetafe.es\/index.php\/catecumenado\/\" h-use-smooth-scroll=\"true\" class=\"image-link\">\n                      <div class=\"h-image__frame-container\">\n                        <!---->\n                        <!---->\n                        <img loading=\"lazy\" decoding=\"async\" width=\"1055\" height=\"1536\" src=\"https:\/\/dacc.diocesisgetafe.es\/wp-content\/uploads\/2025\/12\/Catecumenado@3x.png\" class=\"wp-image-5243 style-908-image style-local-106-c8-image\" alt=\"\" srcset=\"https:\/\/dacc.diocesisgetafe.es\/wp-content\/uploads\/2025\/12\/Catecumenado@3x.png 1055w, https:\/\/dacc.diocesisgetafe.es\/wp-content\/uploads\/2025\/12\/Catecumenado@3x-206x300.png 206w, https:\/\/dacc.diocesisgetafe.es\/wp-content\/uploads\/2025\/12\/Catecumenado@3x-703x1024.png 703w, https:\/\/dacc.diocesisgetafe.es\/wp-content\/uploads\/2025\/12\/Catecumenado@3x-768x1118.png 768w\" sizes=\"auto, (max-width: 1055px) 100vw, 1055px\" \/>\n                        <div class=\"h-image__frame h-hide-lg h-hide-md h-hide-sm style-908-frameImage style-local-106-c8-frameImage\"><\/div>\n                      <\/div>\n                    <\/a>\n                  <\/div>\n                <\/div>\n                <div data-colibri-id=\"106-c9\" class=\"h-text h-text-component style-942 style-local-106-c9 position-relative h-element\">\n                  <!---->\n                  <!---->\n                  <div class=\"\">\n                    <h3><strong style=\"color: rgb(246, 97, 66); font-size: 22.24px;\">CATECUMENADO<\/strong><\/h3>\n                    <p>\n                      <br>\n                    <\/p>\n                  <\/div>\n                <\/div>\n              <\/div>\n            <\/div>\n          <\/div>\n          <div class=\"h-column h-column-container d-flex h-col-lg-auto h-col-md-auto h-col-auto style-892-outer style-local-106-c10-outer\">\n            <div data-colibri-id=\"106-c10\" class=\"d-flex h-flex-basis h-column__inner h-px-lg-2 h-px-md-2 h-px-2 v-inner-lg-2 v-inner-md-2 v-inner-2 style-892 style-local-106-c10 position-relative\">\n              <!---->\n              <!---->\n              <div class=\"w-100 h-y-container h-column__content h-column__v-align flex-basis-100 align-self-lg-center align-self-md-start align-self-center\">\n                <!---->\n                <div data-colibri-id=\"106-c11\" class=\"d-block style-909 style-local-106-c11 position-relative h-element\">\n                  <!---->\n                  <div class=\"h-image__frame-container-outer\">\n                    <a href=\"https:\/\/dacc.diocesisgetafe.es\/index.php\/catequesis\/\" h-use-smooth-scroll=\"true\" class=\"image-link\">\n                      <div class=\"h-image__frame-container\">\n                        <!---->\n                        <!---->\n                        <img loading=\"lazy\" decoding=\"async\" width=\"1176\" height=\"1536\" src=\"https:\/\/dacc.diocesisgetafe.es\/wp-content\/uploads\/2025\/12\/Catequesis@3x.png\" class=\"wp-image-5244 style-909-image style-local-106-c11-image\" alt=\"\" srcset=\"https:\/\/dacc.diocesisgetafe.es\/wp-content\/uploads\/2025\/12\/Catequesis@3x.png 1176w, https:\/\/dacc.diocesisgetafe.es\/wp-content\/uploads\/2025\/12\/Catequesis@3x-230x300.png 230w, https:\/\/dacc.diocesisgetafe.es\/wp-content\/uploads\/2025\/12\/Catequesis@3x-784x1024.png 784w, https:\/\/dacc.diocesisgetafe.es\/wp-content\/uploads\/2025\/12\/Catequesis@3x-768x1003.png 768w\" sizes=\"auto, (max-width: 1176px) 100vw, 1176px\" \/>\n                        <div class=\"h-image__frame h-hide-lg h-hide-md h-hide-sm style-909-frameImage style-local-106-c11-frameImage\"><\/div>\n                      <\/div>\n                    <\/a>\n                  <\/div>\n                <\/div>\n                <div data-colibri-id=\"106-c12\" class=\"h-text h-text-component style-944 style-local-106-c12 position-relative h-element\">\n                  <!---->\n                  <!---->\n                  <div class=\"\">\n                    <h3><strong style=\"font-size: 22.24px; font-weight: 700; color: rgb(246, 97, 66); font-family: aligarth-fina;\">CATEQUESIS<\/strong><strong style=\"font-size: 22.24px; font-weight: 700; color: rgb(23, 88, 153); font-family: aligarth-fina;\"><br><\/strong><\/h3>\n                    <p>\n                      <br>\n                    <\/p>\n                  <\/div>\n                <\/div>\n              <\/div>\n            <\/div>\n          <\/div>\n        <\/div>\n      <\/div>\n      <div data-colibri-id=\"106-c13\" class=\"h-row-container gutters-row-lg-2 gutters-row-md-2 gutters-row-0 gutters-row-v-lg-2 gutters-row-v-md-2 gutters-row-v-2 style-891 style-local-106-c13 position-relative\">\n        <!---->\n        <div class=\"h-row justify-content-lg-center justify-content-md-center justify-content-center align-items-lg-stretch align-items-md-stretch align-items-stretch gutters-col-lg-2 gutters-col-md-2 gutters-col-0 gutters-col-v-lg-2 gutters-col-v-md-2 gutters-col-v-2\">\n          <!---->\n          <div class=\"h-column h-column-container d-flex h-col-lg-auto h-col-md-auto h-col-auto style-892-outer style-local-106-c14-outer\">\n            <div data-colibri-id=\"106-c14\" class=\"d-flex h-flex-basis h-column__inner h-px-lg-2 h-px-md-2 h-px-2 v-inner-lg-2 v-inner-md-2 v-inner-2 style-892 style-local-106-c14 position-relative\">\n              <!---->\n              <!---->\n              <div class=\"w-100 h-y-container h-column__content h-column__v-align flex-basis-100 align-self-lg-center align-self-md-start align-self-center\">\n                <!---->\n                <div data-colibri-id=\"106-c15\" class=\"d-block style-901 style-local-106-c15 position-relative h-element\">\n                  <!---->\n                  <div class=\"h-image__frame-container-outer\">\n                    <a href=\"https:\/\/dacc.diocesisgetafe.es\/index.php\/pastoral-biblica\/\" h-use-smooth-scroll=\"true\" class=\"image-link\">\n                      <div class=\"h-image__frame-container\">\n                        <!---->\n                        <!---->\n                        <img loading=\"lazy\" decoding=\"async\" width=\"1902\" height=\"2397\" src=\"https:\/\/dacc.diocesisgetafe.es\/wp-content\/uploads\/2025\/12\/Biblia@3x.png\" class=\"wp-image-5242 style-901-image style-local-106-c15-image\" alt=\"\" srcset=\"https:\/\/dacc.diocesisgetafe.es\/wp-content\/uploads\/2025\/12\/Biblia@3x.png 1902w, https:\/\/dacc.diocesisgetafe.es\/wp-content\/uploads\/2025\/12\/Biblia@3x-238x300.png 238w, https:\/\/dacc.diocesisgetafe.es\/wp-content\/uploads\/2025\/12\/Biblia@3x-813x1024.png 813w, https:\/\/dacc.diocesisgetafe.es\/wp-content\/uploads\/2025\/12\/Biblia@3x-768x968.png 768w, https:\/\/dacc.diocesisgetafe.es\/wp-content\/uploads\/2025\/12\/Biblia@3x-1219x1536.png 1219w, https:\/\/dacc.diocesisgetafe.es\/wp-content\/uploads\/2025\/12\/Biblia@3x-1625x2048.png 1625w\" sizes=\"auto, (max-width: 1902px) 100vw, 1902px\" \/>\n                        <div class=\"h-image__frame h-hide-lg h-hide-md h-hide-sm style-901-frameImage style-local-106-c15-frameImage\"><\/div>\n                      <\/div>\n                    <\/a>\n                  <\/div>\n                <\/div>\n                <div data-colibri-id=\"106-c16\" class=\"h-text h-text-component style-936 style-local-106-c16 position-relative h-element\">\n                  <!---->\n                  <!---->\n                  <div class=\"\">\n                    <h3><strong style=\"color: rgb(246, 97, 66); font-size: 22.24px; font-family: aligarth-fina;\">PASTORAL B\u00cdBLICA<\/strong><\/h3>\n                    <p>\n                      <br>\n                    <\/p>\n                  <\/div>\n                <\/div>\n              <\/div>\n            <\/div>\n          <\/div>\n          <div class=\"h-column h-column-container d-flex h-col-lg-auto h-col-md-auto h-col-auto style-902-outer style-local-106-c17-outer\">\n            <div data-colibri-id=\"106-c17\" class=\"d-flex h-flex-basis h-column__inner h-px-lg-2 h-px-md-2 h-px-2 v-inner-lg-2 v-inner-md-2 v-inner-2 style-902 style-local-106-c17 position-relative\">\n              <!---->\n              <!---->\n              <div class=\"w-100 h-y-container h-column__content h-column__v-align flex-basis-100 align-self-lg-center align-self-md-start align-self-center\">\n                <!---->\n                <div data-colibri-id=\"106-c18\" class=\"d-block style-903 style-local-106-c18 position-relative h-element\">\n                  <!---->\n                  <div class=\"h-image__frame-container-outer\">\n                    <a href=\"https:\/\/dacc.diocesisgetafe.es\/index.php\/pastoral-discapacidad\/\" h-use-smooth-scroll=\"true\" class=\"image-link\">\n                      <div class=\"h-image__frame-container\">\n                        <!---->\n                        <!---->\n                        <img loading=\"lazy\" decoding=\"async\" width=\"1536\" height=\"1536\" src=\"https:\/\/dacc.diocesisgetafe.es\/wp-content\/uploads\/2025\/12\/Recurso-1@3x.png\" class=\"wp-image-5241 style-903-image style-local-106-c18-image\" alt=\"\" srcset=\"https:\/\/dacc.diocesisgetafe.es\/wp-content\/uploads\/2025\/12\/Recurso-1@3x.png 1536w, https:\/\/dacc.diocesisgetafe.es\/wp-content\/uploads\/2025\/12\/Recurso-1@3x-300x300.png 300w, https:\/\/dacc.diocesisgetafe.es\/wp-content\/uploads\/2025\/12\/Recurso-1@3x-1024x1024.png 1024w, https:\/\/dacc.diocesisgetafe.es\/wp-content\/uploads\/2025\/12\/Recurso-1@3x-150x150.png 150w, https:\/\/dacc.diocesisgetafe.es\/wp-content\/uploads\/2025\/12\/Recurso-1@3x-768x768.png 768w\" sizes=\"auto, (max-width: 1536px) 100vw, 1536px\" \/>\n                        <div class=\"h-image__frame h-hide-lg h-hide-md h-hide-sm style-903-frameImage style-local-106-c18-frameImage\"><\/div>\n                      <\/div>\n                    <\/a>\n                  <\/div>\n                <\/div>\n                <div data-colibri-id=\"106-c19\" class=\"h-text h-text-component style-937 style-local-106-c19 position-relative h-element\">\n                  <!---->\n                  <!---->\n                  <div class=\"\">\n                    <h3><strong style=\"color: rgb(246, 97, 66); font-size: 22.24px; font-family: aligarth-fina;\">PASTORAL PERSONAS DISCAPACIDAD<\/strong><\/h3>\n                    <p>\n                      <br>\n                    <\/p>\n                  <\/div>\n                <\/div>\n              <\/div>\n            <\/div>\n          <\/div>\n          <div class=\"h-column h-column-container d-flex h-col-lg-auto h-col-md-auto h-col-auto style-904-outer style-local-106-c20-outer\">\n            <div data-colibri-id=\"106-c20\" class=\"d-flex h-flex-basis h-column__inner h-px-lg-2 h-px-md-2 h-px-2 v-inner-lg-2 v-inner-md-2 v-inner-2 style-904 style-local-106-c20 position-relative\">\n              <!---->\n              <!---->\n              <div class=\"w-100 h-y-container h-column__content h-column__v-align flex-basis-100 align-self-lg-center align-self-md-start align-self-center\">\n                <!---->\n                <div data-colibri-id=\"106-c21\" class=\"d-block style-905 style-local-106-c21 position-relative h-element\">\n                  <!---->\n                  <div class=\"h-image__frame-container-outer\">\n                    <a href=\"https:\/\/dacc.diocesisgetafe.es\/index.php\/reiniciacion-cristiana\/\" h-use-smooth-scroll=\"true\" class=\"image-link\">\n                      <div class=\"h-image__frame-container\">\n                        <!---->\n                        <!---->\n                        <img loading=\"lazy\" decoding=\"async\" width=\"1489\" height=\"1489\" src=\"https:\/\/dacc.diocesisgetafe.es\/wp-content\/uploads\/2025\/12\/Discipulado@3x.png\" class=\"wp-image-5245 style-905-image style-local-106-c21-image\" alt=\"\" srcset=\"https:\/\/dacc.diocesisgetafe.es\/wp-content\/uploads\/2025\/12\/Discipulado@3x.png 1489w, https:\/\/dacc.diocesisgetafe.es\/wp-content\/uploads\/2025\/12\/Discipulado@3x-300x300.png 300w, https:\/\/dacc.diocesisgetafe.es\/wp-content\/uploads\/2025\/12\/Discipulado@3x-1024x1024.png 1024w, https:\/\/dacc.diocesisgetafe.es\/wp-content\/uploads\/2025\/12\/Discipulado@3x-150x150.png 150w, https:\/\/dacc.diocesisgetafe.es\/wp-content\/uploads\/2025\/12\/Discipulado@3x-768x768.png 768w\" sizes=\"auto, (max-width: 1489px) 100vw, 1489px\" \/>\n                        <div class=\"h-image__frame h-hide-lg h-hide-md h-hide-sm style-905-frameImage style-local-106-c21-frameImage\"><\/div>\n                      <\/div>\n                    <\/a>\n                  <\/div>\n                <\/div>\n                <div data-colibri-id=\"106-c22\" class=\"h-text h-text-component style-945 style-local-106-c22 position-relative h-element\">\n                  <!---->\n                  <!---->\n                  <div class=\"\">\n                    <h3><strong style=\"color: rgb(246, 97, 66); font-family: aligarth-fina; font-size: 22.24px;\">DISCIPULADO<\/strong><\/h3>\n                    <p>\n                      <br>\n                    <\/p>\n                  <\/div>\n                <\/div>\n              <\/div>\n            <\/div>\n          <\/div>\n        <\/div>\n      <\/div>\n    <\/div>\n  <\/div>\n  <div data-colibri-component=\"section\" data-colibri-id=\"106-c23\" id=\"el-bautismo-equipos\" class=\"h-section h-section-global-spacing d-flex align-items-lg-center align-items-md-center align-items-center style-1782 style-local-106-c23 position-relative\">\n    <!---->\n    <!---->\n    <div class=\"h-section-grid-container h-section-boxed-container\">\n      <!---->\n      <div data-colibri-id=\"106-c24\" class=\"h-row-container gutters-row-lg-2 gutters-row-md-2 gutters-row-2 gutters-row-v-lg-2 gutters-row-v-md-2 gutters-row-v-2 style-1783 style-local-106-c24 position-relative\">\n        <!---->\n        <div class=\"h-row justify-content-lg-center justify-content-md-center justify-content-center align-items-lg-center align-items-md-center align-items-center gutters-col-lg-2 gutters-col-md-2 gutters-col-2 gutters-col-v-lg-2 gutters-col-v-md-2 gutters-col-v-2\">\n          <!---->\n          <div class=\"h-column h-column-container d-flex h-col-lg-auto h-col-md-auto h-col-auto align-self-lg-center align-self-md-center align-self-center style-1784-outer style-local-106-c25-outer\">\n            <div data-colibri-id=\"106-c25\" class=\"d-flex h-flex-basis h-column__inner h-px-lg-0 h-px-md-0 h-px-0 v-inner-lg-0 v-inner-md-0 v-inner-0 style-1784 style-local-106-c25 position-relative\">\n              <!---->\n              <!---->\n              <div class=\"w-100 h-y-container h-column__content h-column__v-align flex-basis-100 align-self-lg-center align-self-md-center align-self-center\">\n                <!---->\n                <div data-colibri-id=\"106-c26\" class=\"h-row-container gutters-row-lg-0 gutters-row-md-0 gutters-row-0 gutters-row-v-lg-0 gutters-row-v-md-0 gutters-row-v-0 style-1785 style-local-106-c26 position-relative\">\n                  <!---->\n                  <div class=\"h-row justify-content-lg-start justify-content-md-start justify-content-center align-items-lg-stretch align-items-md-stretch align-items-stretch gutters-col-lg-0 gutters-col-md-0 gutters-col-0 gutters-col-v-lg-0 gutters-col-v-md-0 gutters-col-v-0\">\n                    <!---->\n                    <div class=\"h-column h-column-container d-flex h-col-lg-auto h-col-md-auto h-col-auto style-1786-outer style-local-106-c27-outer\">\n                      <div data-colibri-id=\"106-c27\" class=\"d-flex h-flex-basis h-column__inner h-px-lg-0 h-px-md-0 h-px-0 v-inner-lg-0 v-inner-md-0 v-inner-0 style-1786 style-local-106-c27 position-relative\">\n                        <!---->\n                        <!---->\n                        <div class=\"w-100 h-y-container h-column__content h-column__v-align flex-basis-auto align-self-lg-start align-self-md-start align-self-center\">\n                          <!---->\n                          <div data-colibri-id=\"106-c28\" class=\"h-global-transition-all h-heading style-1787 style-local-106-c28 position-relative h-element\">\n                            <!---->\n                            <div class=\"h-heading__outer style-1787 style-local-106-c28\">\n                              <!---->\n                              <!---->\n                              <h4 class=\"\">el bautismo<\/h4>\n                            <\/div>\n                          <\/div>\n                        <\/div>\n                      <\/div>\n                    <\/div>\n                  <\/div>\n                <\/div>\n                <div data-colibri-id=\"106-c29\" class=\"h-global-transition-all h-heading style-1788 style-local-106-c29 position-relative h-element\">\n                  <!---->\n                  <div class=\"h-heading__outer style-1788 style-local-106-c29\">\n                    <!---->\n                    <!---->\n                    <h3 class=\"\">Equipos de&nbsp;<em style=\"font-family: &quot;Playfair Display&quot;; color: rgb(246, 97, 66);\">preparaci\u00f3n<\/em> para&nbsp;&nbsp;<em style=\"font-family: &quot;Playfair Display&quot;; color: rgb(246, 97, 66);\">el Bautismo&nbsp;<\/em>de\n                      ni\u00f1os<\/h3>\n                  <\/div>\n                <\/div>\n                <div data-colibri-id=\"106-c30\" class=\"h-lead h-text h-text-component style-1789 style-local-106-c30 position-relative h-element\">\n                  <!---->\n                  <!---->\n                  <div class=\"\">\n                    <p>Este itinerario es el que estabas esperando para acoger y acompa\u00f1ar a las familias que se acercan a la parroquia buscando a Jes\u00fas (\u00a1quiz\u00e1s sin saberlo!).<\/p>\n                  <\/div>\n                <\/div>\n                <div data-colibri-id=\"106-c31\" class=\"h-text h-text-component style-1790 style-local-106-c31 position-relative h-element\">\n                  <!---->\n                  <!---->\n                  <div class=\"\">\n                    <p>En breve os pondremos aqu\u00ed en encuentro que tuvimos el 14 de marzo para que vosotros tambi\u00e9n est\u00e9is al d\u00eda.<\/p>\n                    <p>Por ahora accede al material que presentamos:<\/p>\n                  <\/div>\n                <\/div>\n                <div data-colibri-id=\"106-c32\" class=\"h-x-container style-2195 style-local-106-c32 position-relative h-element\">\n                  <!---->\n                  <div class=\"h-x-container-inner style-dynamic-106-c32-group style-2195-spacing style-local-106-c32-spacing\"><span class=\"h-button__outer style-2196-outer style-local-106-c33-outer d-inline-flex h-element\"><a h-use-smooth-scroll=\"true\" href=\"https:\/\/dacc.diocesisgetafe.es\/wp-content\/uploads\/2026\/04\/Maq-Catequesis-Prebautismales-Itinerario-diocesano.pdf\"  data-colibri-id=\"106-c33\" class=\"d-flex w-100 align-items-center h-button justify-content-lg-center justify-content-md-center justify-content-center style-2196 style-local-106-c33 position-relative\"><!----><!----> <span>catequesis pre bautismales<\/span><\/a>\n                    <\/span>\n                  <\/div>\n                <\/div>\n              <\/div>\n            <\/div>\n          <\/div>\n          <div class=\"h-column h-column-container d-flex h-col-lg-auto h-col-md-auto h-col-auto align-self-lg-center align-self-md-center align-self-center style-1791-outer style-local-106-c34-outer\">\n            <div data-colibri-id=\"106-c34\" class=\"d-flex h-flex-basis h-column__inner h-px-lg-0 h-px-md-0 h-px-0 v-inner-lg-0 v-inner-md-0 v-inner-0 style-1791 style-local-106-c34 position-relative\">\n              <!---->\n              <!---->\n              <div class=\"w-100 h-y-container h-column__content h-column__v-align flex-basis-100 align-self-lg-center align-self-md-center align-self-center\">\n                <!---->\n                <div data-colibri-id=\"106-c35\" class=\"h-multiple-image style-1792 style-local-106-c35 position-relative h-element\">\n                  <!---->\n                  <div class=\"position-relative\">\n                    <div class=\"h-multiple-image-inside-container\">\n                      <div class=\"ratio-inner\">\n                        <div data-colibri-id=\"106-c36\" class=\"d-block style-1793 style-local-106-c36 position-relative h-element\">\n                          <!---->\n                          <div class=\"h-image__frame-container-outer\">\n                            <div class=\"h-image__frame-container\">\n                              <!---->\n                              <!---->\n                              <img loading=\"lazy\" decoding=\"async\" width=\"585\" height=\"721\" src=\"https:\/\/dacc.diocesisgetafe.es\/wp-content\/uploads\/2026\/04\/cropped-Pre-baut.png\" class=\"style-1792-images style-local-106-c35-images wp-image-5800 style-1793-image style-local-106-c36-image\" alt=\"\" srcset=\"https:\/\/dacc.diocesisgetafe.es\/wp-content\/uploads\/2026\/04\/cropped-Pre-baut.png 585w, https:\/\/dacc.diocesisgetafe.es\/wp-content\/uploads\/2026\/04\/cropped-Pre-baut-243x300.png 243w\" sizes=\"auto, (max-width: 585px) 100vw, 585px\" \/>\n                              <div class=\"h-image__frame h-hide-lg h-hide-md h-hide-sm style-1793-frameImage style-local-106-c36-frameImage\"><\/div>\n                            <\/div>\n                          <\/div>\n                        <\/div>\n                        <div data-colibri-id=\"106-c37\" class=\"d-block style-1794 style-local-106-c37 position-relative h-element\">\n                          <!---->\n                          <div class=\"h-image__frame-container-outer\">\n                            <div class=\"h-image__frame-container\">\n                              <!---->\n                              <div class=\"h-image__overlay style-1794-overlay style-local-106-c37-overlay\">\n                                <div class=\"overlay-layer\">\n                                  <div class=\"overlay-image-layer\" style=\"background-color: rgb(255, 255, 255); opacity: 0.5;\"><\/div>\n                                <\/div>\n                              <\/div>\n                              <img loading=\"lazy\" decoding=\"async\" width=\"1484\" height=\"1705\" src=\"https:\/\/dacc.diocesisgetafe.es\/wp-content\/uploads\/2022\/12\/cropped-cropped-Pila-bautismal-scaled-1.jpg\" class=\"style-1792-images style-local-106-c35-images wp-image-4152 style-1794-image style-local-106-c37-image\" alt=\"\" srcset=\"https:\/\/dacc.diocesisgetafe.es\/wp-content\/uploads\/2022\/12\/cropped-cropped-Pila-bautismal-scaled-1.jpg 1484w, https:\/\/dacc.diocesisgetafe.es\/wp-content\/uploads\/2022\/12\/cropped-cropped-Pila-bautismal-scaled-1-261x300.jpg 261w, https:\/\/dacc.diocesisgetafe.es\/wp-content\/uploads\/2022\/12\/cropped-cropped-Pila-bautismal-scaled-1-891x1024.jpg 891w, https:\/\/dacc.diocesisgetafe.es\/wp-content\/uploads\/2022\/12\/cropped-cropped-Pila-bautismal-scaled-1-768x882.jpg 768w, https:\/\/dacc.diocesisgetafe.es\/wp-content\/uploads\/2022\/12\/cropped-cropped-Pila-bautismal-scaled-1-1337x1536.jpg 1337w\" sizes=\"auto, (max-width: 1484px) 100vw, 1484px\" \/>\n                              <div class=\"h-image__frame h-hide-lg h-hide-md h-hide-sm style-1794-frameImage style-local-106-c37-frameImage\"><\/div>\n                            <\/div>\n                          <\/div>\n                        <\/div>\n                      <\/div>\n                    <\/div>\n                  <\/div>\n                <\/div>\n              <\/div>\n            <\/div>\n          <\/div>\n        <\/div>\n      <\/div>\n    <\/div>\n  <\/div>\n  <div data-colibri-component=\"section\" data-colibri-id=\"106-c38\" id=\"introd-sagr-escr\" class=\"h-section h-section-global-spacing d-flex align-items-lg-center align-items-md-center align-items-center style-2059 style-local-106-c38 position-relative\">\n    <!---->\n    <!---->\n    <div class=\"h-section-grid-container h-section-boxed-container\">\n      <div data-colibri-id=\"106-c43\" class=\"h-row-container gutters-row-lg-0 gutters-row-md-0 gutters-row-2 gutters-row-v-lg-0 gutters-row-v-md-0 gutters-row-v-0 style-2064 style-local-106-c43 position-relative\">\n        <!---->\n        <div class=\"h-row justify-content-lg-center justify-content-md-center justify-content-center align-items-lg-stretch align-items-md-stretch align-items-stretch gutters-col-lg-0 gutters-col-md-0 gutters-col-2 gutters-col-v-lg-0 gutters-col-v-md-0 gutters-col-v-0\">\n          <!---->\n          <div class=\"h-column h-column-container d-flex h-col-lg-auto h-col-md-auto h-col-auto style-2065-outer style-local-106-c44-outer\">\n            <div data-colibri-id=\"106-c44\" class=\"d-flex h-flex-basis h-column__inner h-px-lg-2 h-px-md-2 h-px-2 v-inner-lg-2 v-inner-md-2 v-inner-2 style-2065 style-local-106-c44 position-relative\">\n              <!---->\n              <!---->\n              <div class=\"w-100 h-y-container h-column__content h-column__v-align flex-basis-100 align-self-lg-start align-self-md-start align-self-start\">\n                <!---->\n                <div data-colibri-id=\"106-c45\" class=\"h-global-transition-all h-heading style-2066 style-local-106-c45 position-relative h-element\">\n                  <!---->\n                  <div class=\"h-heading__outer style-2066 style-local-106-c45\">\n                    <!---->\n                    <!---->\n                    <h5 class=\"\">\u00c1REA DE FORMACI\u00d3N B\u00cdBLICA<\/h5>\n                  <\/div>\n                <\/div>\n                <div data-colibri-id=\"106-c46\" class=\"h-global-transition-all h-heading style-2067 style-local-106-c46 position-relative h-element\">\n                  <!---->\n                  <div class=\"h-heading__outer style-2067 style-local-106-c46\">\n                    <!---->\n                    <!---->\n                    <h2 class=\"\">\u00a1 Tenemos un&nbsp;<em style=\"color: rgb(246, 97, 66); font-family: &quot;Playfair Display&quot;;\">curso<\/em> de&nbsp;<em style=\"color: rgb(246, 97, 66); font-family: &quot;Playfair Display&quot;;\"><br>Introducci\u00f3n a la Sagrada Escritura<\/em>\n                      <em\n                        style=\"color: rgb(3, 169, 244); font-family: &quot;Playfair Display&quot;;\">&nbsp;<\/em>!<\/h2>\n                  <\/div>\n                <\/div>\n                <div data-colibri-id=\"106-c47\" class=\"h-lead h-text h-text-component style-2068 style-local-106-c47 position-relative h-element\">\n                  <!---->\n                  <!---->\n                  <div class=\"\">\n                    <p><span style=\"color: rgb(37, 41, 42); font-family: &quot;Playfair Display&quot;; font-size: 23.04px; font-weight: 300;\">M\u00e1s all\u00e1 de la liturgia, la Sagrada Escritura ocupa un lugar en gran parte de nuestros hogares, pero resulta una gran desconocida. Y sin embargo lo que contiene es de vital importancia.<\/span>\n                      <br><span style=\"color: rgb(37, 41, 42); font-family: &quot;Playfair Display&quot;; font-size: 23.04px; font-weight: 300;\">Dios se comunica con nosotros y lo hace fundamentalmente a trav\u00e9s de la Escritura.<\/span><\/p>\n                  <\/div>\n                <\/div>\n                <div data-colibri-id=\"106-c48\" class=\"h-x-container style-2069 style-local-106-c48 position-relative h-element\">\n                  <!---->\n                  <div class=\"h-x-container-inner style-dynamic-106-c48-group style-2069-spacing style-local-106-c48-spacing\"><span class=\"h-button__outer style-2070-outer style-local-106-c49-outer d-inline-flex h-element\"><a h-use-smooth-scroll=\"true\" href=\"https:\/\/tuparroquiaensmv.wixsite.com\/cursos-delegaci\"  data-colibri-id=\"106-c49\" class=\"d-flex w-100 align-items-center h-button justify-content-lg-center justify-content-md-center justify-content-center style-2070 style-local-106-c49 position-relative\"><!----><!----> <span>accede al curso gratuito<\/span><\/a>\n                    <\/span>\n                  <\/div>\n                <\/div>\n              <\/div>\n            <\/div>\n          <\/div>\n        <\/div>\n      <\/div>\n      <div data-colibri-id=\"106-c39\" class=\"h-row-container gutters-row-lg-0 gutters-row-md-0 gutters-row-0 gutters-row-v-lg-0 gutters-row-v-md-0 gutters-row-v-0 style-2060 style-local-106-c39 h-overflow-hidden position-relative\">\n        <!---->\n        <div class=\"h-row justify-content-lg-center justify-content-md-center justify-content-center align-items-lg-end align-items-md-end align-items-end gutters-col-lg-0 gutters-col-md-0 gutters-col-0 gutters-col-v-lg-0 gutters-col-v-md-0 gutters-col-v-0\">\n          <!---->\n          <div class=\"h-column h-column-container d-flex h-col-lg-auto h-col-md-auto h-col-auto align-self-lg-end align-self-md-end align-self-end style-2061-outer style-local-106-c40-outer\">\n            <div data-colibri-id=\"106-c40\" class=\"d-flex h-flex-basis h-column__inner h-ui-empty-state-container h-px-lg-0 h-px-md-0 h-px-0 v-inner-lg-0 v-inner-md-0 v-inner-0 style-2061 style-local-106-c40 position-relative\">\n              <!---->\n              <!---->\n              <div class=\"w-100 h-y-container h-column__content h-column__v-align flex-basis-100\">\n                <!---->\n              <\/div>\n            <\/div>\n          <\/div>\n          <div class=\"h-column h-column-container d-flex h-col-lg-auto h-col-md-auto h-col-auto align-self-lg-end align-self-md-end align-self-end style-2062-outer style-local-106-c41-outer\">\n            <div data-colibri-id=\"106-c41\" class=\"d-flex h-flex-basis h-column__inner h-ui-empty-state-container h-px-lg-0 h-px-md-0 h-px-0 v-inner-lg-0 v-inner-md-0 v-inner-0 style-2062 style-local-106-c41 position-relative\">\n              <!---->\n              <!---->\n              <div class=\"w-100 h-y-container h-column__content h-column__v-align flex-basis-100\">\n                <!---->\n              <\/div>\n            <\/div>\n          <\/div>\n          <div class=\"h-column h-column-container d-flex h-col-lg-auto h-col-md-auto h-col-auto align-self-lg-end align-self-md-end align-self-end style-2063-outer style-local-106-c42-outer\">\n            <div data-colibri-id=\"106-c42\" class=\"d-flex h-flex-basis h-column__inner h-ui-empty-state-container h-px-lg-0 h-px-md-0 h-px-0 v-inner-lg-0 v-inner-md-0 v-inner-0 style-2063 style-local-106-c42 position-relative\">\n              <!---->\n              <!---->\n              <div class=\"w-100 h-y-container h-column__content h-column__v-align flex-basis-100\">\n                <!---->\n              <\/div>\n            <\/div>\n          <\/div>\n        <\/div>\n      <\/div>\n    <\/div>\n  <\/div>\n  <div data-colibri-component=\"section\" data-colibri-id=\"106-c50\" id=\"directorio\" class=\"h-section h-section-global-spacing d-flex align-items-lg-center align-items-md-center align-items-end style-1760 style-local-106-c50 h-overflow-hidden position-relative\">\n    <div class=\"background-wrapper\">\n      <div class=\"background-layer background-layer-media-container-lg\">\n        <!---->\n        <div class=\"overlay-layer\">\n          <div class=\"overlay-image-layer\" style=\"background-image: linear-gradient(77deg, rgb(255, 255, 255) 27%, rgba(255, 255, 255, 0.5) 63%);\"><\/div>\n        <\/div>\n      <\/div>\n      <div class=\"background-layer background-layer-media-container-md\">\n        <!---->\n        <div class=\"overlay-layer\">\n          <div class=\"overlay-image-layer\" style=\"background-image: linear-gradient(77deg, rgb(255, 255, 255) 27%, rgba(255, 255, 255, 0.5) 63%);\"><\/div>\n        <\/div>\n      <\/div>\n      <div class=\"background-layer background-layer-media-container\">\n        <!---->\n        <div class=\"overlay-layer\">\n          <div class=\"overlay-image-layer\" style=\"background-image: linear-gradient(77deg, rgb(255, 255, 255) 27%, rgba(255, 255, 255, 0.5) 63%);\"><\/div>\n        <\/div>\n      <\/div>\n    <\/div>\n    <!---->\n    <div class=\"h-section-grid-container h-section-boxed-container\">\n      <!---->\n      <div data-colibri-id=\"106-c51\" class=\"h-row-container gutters-row-lg-0 gutters-row-md-0 gutters-row-2 gutters-row-v-lg-0 gutters-row-v-md-0 gutters-row-v-0 style-1761 style-local-106-c51 position-relative\">\n        <!---->\n        <div class=\"h-row justify-content-lg-start justify-content-md-start justify-content-center align-items-lg-stretch align-items-md-stretch align-items-stretch gutters-col-lg-0 gutters-col-md-0 gutters-col-2 gutters-col-v-lg-0 gutters-col-v-md-0 gutters-col-v-0\">\n          <!---->\n          <div class=\"h-column h-column-container d-flex h-col-lg-auto h-col-md-auto h-col-auto style-1762-outer style-local-106-c52-outer\">\n            <div data-colibri-id=\"106-c52\" class=\"d-flex h-flex-basis h-column__inner h-px-lg-2 h-px-md-2 h-px-0 v-inner-lg-2 v-inner-md-2 v-inner-0 style-1762 style-local-106-c52 position-relative\">\n              <!---->\n              <!---->\n              <div class=\"w-100 h-y-container h-column__content h-column__v-align flex-basis-100 align-self-lg-end align-self-md-end align-self-end\">\n                <!---->\n                <div data-colibri-id=\"106-c53\" class=\"h-global-transition-all h-heading style-1763 style-local-106-c53 position-relative h-element\">\n                  <!---->\n                  <div class=\"h-heading__outer style-1763 style-local-106-c53\">\n                    <!---->\n                    <!---->\n                    <h2 class=\"\">Inmersos en la&nbsp;<em style=\"font-family: &quot;Playfair Display&quot;; color: rgb(246, 97, 66);\">implantaci\u00f3n<\/em> del&nbsp;<em style=\"font-family: &quot;Playfair Display&quot;; color: rgb(246, 97, 66);\">Directorio<\/em><em style=\"font-family: &quot;Playfair Display&quot;; color: rgb(59, 114, 184);\">.<\/em>\n                      <br>Respondiendo a una <span class=\"fancy-title-headline d-inline-flex\"><span class=\"text-wrapper-fancy\"><span class=\"text-animation-fancy\">necesidad.<\/span>\n                      <svg xmlns=\"http:\/\/www.w3.org\/2000\/svg\" viewBox=\"0 0 500 150\" preserveAspectRatio=\"none\">\n                        <path d=\"M3,146.1c17.1-8.8,33.5-17.8,51.4-17.8c15.6,0,17.1,18.1,30.2,18.1c22.9,0,36-18.6,53.9-18.6 c17.1,0,21.3,18.5,37.5,18.5c21.3,0,31.8-18.6,49-18.6c22.1,0,18.8,18.8,36.8,18.8c18.8,0,37.5-18.6,49-18.6c20.4,0,17.1,19,36.8,19 c22.9,0,36.8-20.6,54.7-18.6c17.7,1.4,7.1,19.5,33.5,18.8c17.1,0,47.2-6.5,61.1-15.6\"><\/path>\n                      <\/svg>\n                      <\/span>\n                      <\/span>\n                    <\/h2>\n                  <\/div>\n                <\/div>\n                <div data-colibri-id=\"106-c54\" class=\"h-text h-text-component style-1764 style-local-106-c54 position-relative h-element\">\n                  <!---->\n                  <!---->\n                  <div class=\"\">\n                    <p>\u00abEn la Iniciaci\u00f3n cristiana est\u00e1 en juego la realizaci\u00f3n en cada persona del plan universal y eterno de Dios porque se trata de \u00abla participaci\u00f3n en la naturaleza divina, que los hombres reciben como don mediante la gracia de Cristo\u00bb\n                      (CEC 12<span style=\"color: rgb(37, 41, 42); font-family: aligarth-fina; font-size: 16px; font-weight: 400;\">&nbsp;12) De ah\u00ed que su adecuado desarrollo<\/span> y realizaci\u00f3n ocupe un lugar primordial en la reflexi\u00f3n y en la acci\u00f3n\n                      evangelizadora de la Iglesia\u00bb&nbsp;<\/p>\n                  <\/div>\n                <\/div>\n                <div data-colibri-id=\"106-c55\" class=\"h-x-container style-1769 style-local-106-c55 position-relative h-element\">\n                  <!---->\n                  <div class=\"h-x-container-inner style-dynamic-106-c55-group style-1769-spacing style-local-106-c55-spacing\"><span class=\"h-link__outer style-1770-outer style-local-106-c56-outer d-inline-flex h-element\"><a h-use-smooth-scroll=\"true\" href=\"https:\/\/dacc.diocesisgetafe.es\/wp-content\/uploads\/2024\/02\/Directorio-Diocesano-Iniciacion-cristiana-V3.-Diocesis-de-Getafe.pdf\"  data-colibri-id=\"106-c56\" class=\"d-flex w-100 align-items-center h-link style-1770 style-local-106-c56 position-relative\"><!----><span  class=\"h-svg-icon h-link__icon style-1770-icon style-local-106-c56-icon\"><!--Icon by Font Awesome (https:\/\/fontawesome.com)-->\n    <svg version=\"1.1\" xmlns=\"http:\/\/www.w3.org\/2000\/svg\" xmlns:xlink=\"http:\/\/www.w3.org\/1999\/xlink\" id=\"cloud-download\" viewBox=\"0 0 1920 1896.0833\">\n      <path d=\"M1280 928q0-14-9-23t-23-9h-224V544q0-13-9.5-22.5T992 512H800q-13 0-22.5 9.5T768 544v352H544q-13 0-22.5 9.5T512 928q0 14 9 23l352 352q9 9 23 9t23-9l351-351q10-12 10-24zm640 224q0 159-112.5 271.5T1536 1536H448q-185 0-316.5-131.5T0 1088q0-130 70-240t188-165q-2-30-2-43 0-212 150-362t362-150q156 0 285.5 87T1242 446q71-62 166-62 106 0 181 75t75 181q0 76-41 138 130 31 213.5 135.5T1920 1152z\"><\/path>\n    <\/svg><\/span> <span>Desc\u00e1rgatelo<\/span><\/a>\n                    <\/span><span class=\"h-link__outer style-1771-outer style-local-106-c57-outer d-inline-flex h-element\"><a h-use-smooth-scroll=\"true\" href=\"https:\/\/www.youtube.com\/watch?v=hgkJMftJBgQ&amp;t=80s&amp;ab_channel=Di%C3%B3cesisdeGetafe\"  data-colibri-id=\"106-c57\" class=\"d-flex w-100 align-items-center h-link style-1771 style-local-106-c57 position-relative\"><!----><span  class=\"h-svg-icon h-link__icon style-1771-icon style-local-106-c57-icon\"><!--Icon by Font Awesome (https:\/\/fontawesome.com)-->\n    <svg version=\"1.1\" xmlns=\"http:\/\/www.w3.org\/2000\/svg\" xmlns:xlink=\"http:\/\/www.w3.org\/1999\/xlink\" id=\"play-circle-o\" viewBox=\"0 0 1536 1896.0833\">\n      <path d=\"M1184 896q0 37-32 55l-544 320q-15 9-32 9-16 0-32-8-32-19-32-56V576q0-37 32-56 33-18 64 1l544 320q32 18 32 55zm128 0q0-148-73-273t-198-198-273-73-273 73-198 198-73 273 73 273 198 198 273 73 273-73 198-198 73-273zm224 0q0 209-103 385.5T1153.5 1561 768 1664t-385.5-103T103 1281.5 0 896t103-385.5T382.5 231 768 128t385.5 103T1433 510.5 1536 896z\"><\/path>\n    <\/svg><\/span> <span>Explicaci\u00f3n del Directorio 1\/2<\/span><\/a>\n                    <\/span><span class=\"h-link__outer style-1772-outer style-local-106-c58-outer d-inline-flex h-element\"><a h-use-smooth-scroll=\"true\" href=\"https:\/\/www.youtube.com\/watch?v=Ze1PW3QvzfU&amp;t=67s&amp;ab_channel=Di%C3%B3cesisdeGetafe\"  data-colibri-id=\"106-c58\" class=\"d-flex w-100 align-items-center h-link style-1772 style-local-106-c58 position-relative\"><!----><span  class=\"h-svg-icon h-link__icon style-1772-icon style-local-106-c58-icon\"><!--Icon by Font Awesome (https:\/\/fontawesome.com)-->\n    <svg version=\"1.1\" xmlns=\"http:\/\/www.w3.org\/2000\/svg\" xmlns:xlink=\"http:\/\/www.w3.org\/1999\/xlink\" id=\"play-circle-o\" viewBox=\"0 0 1536 1896.0833\">\n      <path d=\"M1184 896q0 37-32 55l-544 320q-15 9-32 9-16 0-32-8-32-19-32-56V576q0-37 32-56 33-18 64 1l544 320q32 18 32 55zm128 0q0-148-73-273t-198-198-273-73-273 73-198 198-73 273 73 273 198 198 273 73 273-73 198-198 73-273zm224 0q0 209-103 385.5T1153.5 1561 768 1664t-385.5-103T103 1281.5 0 896t103-385.5T382.5 231 768 128t385.5 103T1433 510.5 1536 896z\"><\/path>\n    <\/svg><\/span> <span>Explicaci\u00f3n 2\/2<\/span><\/a>\n                    <\/span>\n                  <\/div>\n                <\/div>\n              <\/div>\n            <\/div>\n          <\/div>\n        <\/div>\n      <\/div>\n    <\/div>\n  <\/div>\n  <div data-colibri-component=\"section\" data-colibri-id=\"106-c63\" id=\"el-bautismo\" class=\"h-section h-section-global-spacing d-flex align-items-lg-center align-items-md-center align-items-center style-1782 style-local-106-c63 position-relative\">\n    <!---->\n    <!---->\n    <div class=\"h-section-grid-container h-section-boxed-container\">\n      <!---->\n      <div data-colibri-id=\"106-c64\" class=\"h-row-container gutters-row-lg-2 gutters-row-md-2 gutters-row-2 gutters-row-v-lg-2 gutters-row-v-md-2 gutters-row-v-2 style-1783 style-local-106-c64 position-relative\">\n        <!---->\n        <div class=\"h-row justify-content-lg-center justify-content-md-center justify-content-center align-items-lg-center align-items-md-center align-items-center gutters-col-lg-2 gutters-col-md-2 gutters-col-2 gutters-col-v-lg-2 gutters-col-v-md-2 gutters-col-v-2\">\n          <!---->\n          <div class=\"h-column h-column-container d-flex h-col-lg-auto h-col-md-auto h-col-auto align-self-lg-center align-self-md-center align-self-center style-1784-outer style-local-106-c65-outer\">\n            <div data-colibri-id=\"106-c65\" class=\"d-flex h-flex-basis h-column__inner h-px-lg-0 h-px-md-0 h-px-0 v-inner-lg-0 v-inner-md-0 v-inner-0 style-1784 style-local-106-c65 position-relative\">\n              <!---->\n              <!---->\n              <div class=\"w-100 h-y-container h-column__content h-column__v-align flex-basis-100 align-self-lg-center align-self-md-center align-self-center\">\n                <!---->\n                <div data-colibri-id=\"106-c66\" class=\"h-row-container gutters-row-lg-0 gutters-row-md-0 gutters-row-0 gutters-row-v-lg-0 gutters-row-v-md-0 gutters-row-v-0 style-1785 style-local-106-c66 position-relative\">\n                  <!---->\n                  <div class=\"h-row justify-content-lg-start justify-content-md-start justify-content-center align-items-lg-stretch align-items-md-stretch align-items-stretch gutters-col-lg-0 gutters-col-md-0 gutters-col-0 gutters-col-v-lg-0 gutters-col-v-md-0 gutters-col-v-0\">\n                    <!---->\n                    <div class=\"h-column h-column-container d-flex h-col-lg-auto h-col-md-auto h-col-auto style-1786-outer style-local-106-c67-outer\">\n                      <div data-colibri-id=\"106-c67\" class=\"d-flex h-flex-basis h-column__inner h-px-lg-0 h-px-md-0 h-px-0 v-inner-lg-0 v-inner-md-0 v-inner-0 style-1786 style-local-106-c67 position-relative\">\n                        <!---->\n                        <!---->\n                        <div class=\"w-100 h-y-container h-column__content h-column__v-align flex-basis-auto align-self-lg-start align-self-md-start align-self-center\">\n                          <!---->\n                          <div data-colibri-id=\"106-c68\" class=\"h-global-transition-all h-heading style-1787 style-local-106-c68 position-relative h-element\">\n                            <!---->\n                            <div class=\"h-heading__outer style-1787 style-local-106-c68\">\n                              <!---->\n                              <!---->\n                              <h4 class=\"\">el bautismo<\/h4>\n                            <\/div>\n                          <\/div>\n                        <\/div>\n                      <\/div>\n                    <\/div>\n                  <\/div>\n                <\/div>\n                <div data-colibri-id=\"106-c69\" class=\"h-global-transition-all h-heading style-1788 style-local-106-c69 position-relative h-element\">\n                  <!---->\n                  <div class=\"h-heading__outer style-1788 style-local-106-c69\">\n                    <!---->\n                    <!---->\n                    <h3 class=\"\">Redescubrir el&nbsp;<em style=\"color: rgb(246, 97, 66); font-family: &quot;Playfair Display&quot;;\">Bautismo<\/em> para poder acoger y acompa\u00f1ar&nbsp;<em style=\"color: rgb(246, 97, 66); font-family: &quot;Playfair Display&quot;;\">a las familias<\/em>\n                      <span\n                        style=\"color: rgb(246, 97, 66);\">.<\/span>\n                    <\/h3>\n                  <\/div>\n                <\/div>\n                <div data-colibri-id=\"106-c70\" class=\"h-lead h-text h-text-component style-1789 style-local-106-c70 position-relative h-element\">\n                  <!---->\n                  <!---->\n                  <div class=\"\">\n                    <p>Naturaleza y disposiciones para el bautismo de p\u00e1rvulos. <\/p>\n                  <\/div>\n                <\/div>\n                <div data-colibri-id=\"106-c71\" class=\"h-text h-text-component style-1790 style-local-106-c71 position-relative h-element\">\n                  <!---->\n                  <!---->\n                  <div class=\"\">\n                    <p>Tomar conciencia de la importancia del bautismo nos ayudar\u00e1 a ver la urgencia de cambiar nuestra pastoral pre-bautismal.<\/p>\n                  <\/div>\n                <\/div>\n                <div data-colibri-component=\"video\" data-colibri-id=\"106-c72\" class=\"d-block h-video d-block h-video style-1795 style-local-106-c72 position-relative h-element\">\n                  <!---->\n                  <!---->\n                  <div class=\"video-container position-relative\">\n                    <div class=\"h-global-transition-all ratio-inner\"><iframe src=https:\/\/www.youtube.com\/embed\/IV0dFyw1tjQ?autoplay=0&#038;mute=0&#038;modestbranding=0&#038;rel=0&#038;enablejsapi=1&#038; class='h-video-main'  allowfullscreen><\/iframe><\/div>\n                  <\/div>\n                <\/div>\n              <\/div>\n            <\/div>\n          <\/div>\n          <div class=\"h-column h-column-container d-flex h-col-lg-auto h-col-md-auto h-col-auto align-self-lg-center align-self-md-center align-self-center style-1791-outer style-local-106-c74-outer\">\n            <div data-colibri-id=\"106-c74\" class=\"d-flex h-flex-basis h-column__inner h-px-lg-0 h-px-md-0 h-px-0 v-inner-lg-0 v-inner-md-0 v-inner-0 style-1791 style-local-106-c74 position-relative\">\n              <!---->\n              <!---->\n              <div class=\"w-100 h-y-container h-column__content h-column__v-align flex-basis-100 align-self-lg-center align-self-md-center align-self-center\">\n                <!---->\n                <div data-colibri-id=\"106-c75\" class=\"h-multiple-image style-1792 style-local-106-c75 position-relative h-element\">\n                  <!---->\n                  <div class=\"position-relative\">\n                    <div class=\"h-multiple-image-inside-container\">\n                      <div class=\"ratio-inner\">\n                        <div data-colibri-id=\"106-c76\" class=\"d-block style-1793 style-local-106-c76 position-relative h-element\">\n                          <!---->\n                          <div class=\"h-image__frame-container-outer\">\n                            <div class=\"h-image__frame-container\">\n                              <!---->\n                              <!---->\n                              <img loading=\"lazy\" decoding=\"async\" width=\"1749\" height=\"2481\" src=\"https:\/\/dacc.diocesisgetafe.es\/wp-content\/uploads\/2024\/04\/Directorio-Diocesano-Iniciacion-cristiana-V3.-Diocesis-de-Getafe_pages-to-jpg-0047.jpg\" class=\"style-1792-images style-local-106-c75-images wp-image-4153 style-1793-image style-local-106-c76-image\" alt=\"\" srcset=\"https:\/\/dacc.diocesisgetafe.es\/wp-content\/uploads\/2024\/04\/Directorio-Diocesano-Iniciacion-cristiana-V3.-Diocesis-de-Getafe_pages-to-jpg-0047.jpg 1749w, https:\/\/dacc.diocesisgetafe.es\/wp-content\/uploads\/2024\/04\/Directorio-Diocesano-Iniciacion-cristiana-V3.-Diocesis-de-Getafe_pages-to-jpg-0047-211x300.jpg 211w, https:\/\/dacc.diocesisgetafe.es\/wp-content\/uploads\/2024\/04\/Directorio-Diocesano-Iniciacion-cristiana-V3.-Diocesis-de-Getafe_pages-to-jpg-0047-722x1024.jpg 722w, https:\/\/dacc.diocesisgetafe.es\/wp-content\/uploads\/2024\/04\/Directorio-Diocesano-Iniciacion-cristiana-V3.-Diocesis-de-Getafe_pages-to-jpg-0047-768x1089.jpg 768w, https:\/\/dacc.diocesisgetafe.es\/wp-content\/uploads\/2024\/04\/Directorio-Diocesano-Iniciacion-cristiana-V3.-Diocesis-de-Getafe_pages-to-jpg-0047-1083x1536.jpg 1083w, https:\/\/dacc.diocesisgetafe.es\/wp-content\/uploads\/2024\/04\/Directorio-Diocesano-Iniciacion-cristiana-V3.-Diocesis-de-Getafe_pages-to-jpg-0047-1444x2048.jpg 1444w\" sizes=\"auto, (max-width: 1749px) 100vw, 1749px\" \/>\n                              <div class=\"h-image__frame h-hide-lg h-hide-md h-hide-sm style-1793-frameImage style-local-106-c76-frameImage\"><\/div>\n                            <\/div>\n                          <\/div>\n                        <\/div>\n                        <div data-colibri-id=\"106-c77\" class=\"d-block style-1794 style-local-106-c77 position-relative h-element\">\n                          <!---->\n                          <div class=\"h-image__frame-container-outer\">\n                            <div class=\"h-image__frame-container\">\n                              <!---->\n                              <div class=\"h-image__overlay style-1794-overlay style-local-106-c77-overlay\">\n                                <div class=\"overlay-layer\">\n                                  <div class=\"overlay-image-layer\" style=\"background-color: rgb(255, 255, 255); opacity: 0.5;\"><\/div>\n                                <\/div>\n                              <\/div>\n                              <img loading=\"lazy\" decoding=\"async\" width=\"1484\" height=\"1705\" src=\"https:\/\/dacc.diocesisgetafe.es\/wp-content\/uploads\/2022\/12\/cropped-cropped-Pila-bautismal-scaled-1.jpg\" class=\"style-1792-images style-local-106-c75-images wp-image-4152 style-1794-image style-local-106-c77-image\" alt=\"\" srcset=\"https:\/\/dacc.diocesisgetafe.es\/wp-content\/uploads\/2022\/12\/cropped-cropped-Pila-bautismal-scaled-1.jpg 1484w, https:\/\/dacc.diocesisgetafe.es\/wp-content\/uploads\/2022\/12\/cropped-cropped-Pila-bautismal-scaled-1-261x300.jpg 261w, https:\/\/dacc.diocesisgetafe.es\/wp-content\/uploads\/2022\/12\/cropped-cropped-Pila-bautismal-scaled-1-891x1024.jpg 891w, https:\/\/dacc.diocesisgetafe.es\/wp-content\/uploads\/2022\/12\/cropped-cropped-Pila-bautismal-scaled-1-768x882.jpg 768w, https:\/\/dacc.diocesisgetafe.es\/wp-content\/uploads\/2022\/12\/cropped-cropped-Pila-bautismal-scaled-1-1337x1536.jpg 1337w\" sizes=\"auto, (max-width: 1484px) 100vw, 1484px\" \/>\n                              <div class=\"h-image__frame h-hide-lg h-hide-md h-hide-sm style-1794-frameImage style-local-106-c77-frameImage\"><\/div>\n                            <\/div>\n                          <\/div>\n                        <\/div>\n                      <\/div>\n                    <\/div>\n                  <\/div>\n                <\/div>\n              <\/div>\n            <\/div>\n          <\/div>\n        <\/div>\n      <\/div>\n    <\/div>\n  <\/div>\n  <div data-colibri-component=\"section\" data-colibri-id=\"106-c78\" id=\"como-podemos-ayudarte\" class=\"h-section h-section-global-spacing d-flex align-items-lg-center align-items-md-center align-items-center style-223 style-local-106-c78 position-relative\">\n    <!---->\n    <!---->\n    <div class=\"h-section-grid-container h-section-boxed-container\">\n      <div data-colibri-id=\"106-c92\" class=\"h-row-container gutters-row-lg-2 gutters-row-md-2 gutters-row-2 gutters-row-v-lg-2 gutters-row-v-md-2 gutters-row-v-2 style-235 style-local-106-c92 position-relative\">\n        <!---->\n        <div class=\"h-row justify-content-lg-center justify-content-md-center justify-content-center align-items-lg-stretch align-items-md-stretch align-items-stretch gutters-col-lg-2 gutters-col-md-2 gutters-col-2 gutters-col-v-lg-2 gutters-col-v-md-2 gutters-col-v-2\">\n          <!---->\n          <div class=\"h-column h-column-container d-flex h-col-lg-auto h-col-md-auto h-col-auto style-236-outer style-local-106-c93-outer\">\n            <div data-colibri-id=\"106-c93\" class=\"d-flex h-flex-basis h-column__inner h-px-lg-2 h-px-md-2 h-px-0 v-inner-lg-2 v-inner-md-2 v-inner-0 style-236 style-local-106-c93 position-relative\">\n              <!---->\n              <!---->\n              <div class=\"w-100 h-y-container h-column__content h-column__v-align flex-basis-100 align-self-lg-start align-self-md-start align-self-start\">\n                <!---->\n                <div data-colibri-id=\"106-c94\" class=\"h-global-transition-all h-heading style-237 style-local-106-c94 position-relative h-element\">\n                  <!---->\n                  <div class=\"h-heading__outer style-237 style-local-106-c94\">\n                    <!---->\n                    <!---->\n                    <h3 class=\"\">\u00bfC\u00f3mo podemos ayudarte?<\/h3>\n                  <\/div>\n                <\/div>\n                <div data-colibri-id=\"106-c95\" class=\"h-lead h-text h-text-component style-238 style-local-106-c95 position-relative h-element\">\n                  <!---->\n                  <!---->\n                  <div class=\"\">\n                    <p>&nbsp;Si se acerca gente que querr\u00eda bautizarse o bautizar a su hijo y no tienes muy claro c\u00f3mo acompa\u00f1arles, si has o\u00eddo hablar de parroquias vivas y te gustar\u00eda saber qu\u00e9 ha pasado ah\u00ed&#8230;\u00a1cuenta con nosotros!<\/p>\n                  <\/div>\n                <\/div>\n              <\/div>\n            <\/div>\n          <\/div>\n        <\/div>\n      <\/div>\n      <div data-colibri-id=\"106-c79\" class=\"h-row-container gutters-row-lg-2 gutters-row-md-2 gutters-row-2 gutters-row-v-lg-2 gutters-row-v-md-2 gutters-row-v-2 style-224 style-local-106-c79 position-relative\">\n        <!---->\n        <div class=\"h-row justify-content-lg-center justify-content-md-center justify-content-center align-items-lg-stretch align-items-md-stretch align-items-stretch gutters-col-lg-2 gutters-col-md-2 gutters-col-2 gutters-col-v-lg-2 gutters-col-v-md-2 gutters-col-v-2\">\n          <!---->\n          <div class=\"h-column h-column-container d-flex h-col-lg-4 h-col-md-4 h-col-12 style-225-outer style-local-106-c80-outer\">\n            <div data-colibri-id=\"106-c80\" class=\"d-flex h-flex-basis h-column__inner h-px-lg-3 h-px-md-3 h-px-3 v-inner-lg-3 v-inner-md-3 v-inner-3 style-225 style-local-106-c80 position-relative\">\n              <!---->\n              <!---->\n              <div class=\"w-100 h-y-container h-column__content h-column__v-align flex-basis-100 align-self-lg-start align-self-md-start align-self-start\">\n                <!---->\n                <div data-colibri-id=\"106-c81\" class=\"h-icon style-229 style-local-106-c81 position-relative h-element\">\n                  <!----><span class=\"h-svg-icon h-icon__icon style-229-icon style-local-106-c81-icon\"><!--Icon by Font Awesome (https:\/\/fontawesome.com)-->\n    <svg version=\"1.1\" xmlns=\"http:\/\/www.w3.org\/2000\/svg\" xmlns:xlink=\"http:\/\/www.w3.org\/1999\/xlink\" id=\"comments\" viewBox=\"0 0 1792 1896.0833\">\n      <path d=\"M1408 768q0 139-94 257t-256.5 186.5T704 1280q-86 0-176-16-124 88-278 128-36 9-86 16h-3q-11 0-20.5-8t-11.5-21q-1-3-1-6.5t.5-6.5 2-6l2.5-5 3.5-5.5 4-5 4.5-5 4-4.5q5-6 23-25t26-29.5 22.5-29 25-38.5 20.5-44q-124-72-195-177T0 768q0-139 94-257t256.5-186.5T704 256t353.5 68.5T1314 511t94 257zm384 256q0 120-71 224.5T1526 1425q10 24 20.5 44t25 38.5 22.5 29 26 29.5 23 25q1 1 4 4.5t4.5 5 4 5 3.5 5.5l2.5 5 2 6 .5 6.5-1 6.5q-3 14-13 22t-22 7q-50-7-86-16-154-40-278-128-90 16-176 16-271 0-472-132 58 4 88 4 161 0 309-45t264-129q125-92 192-212t67-254q0-77-23-152 129 71 204 178t75 230z\"><\/path>\n    <\/svg><\/span><\/div>\n                <div data-colibri-id=\"106-c82\" class=\"h-global-transition-all h-heading style-227 style-local-106-c82 position-relative h-element\">\n                  <!---->\n                  <div class=\"h-heading__outer style-227 style-local-106-c82\">\n                    <!---->\n                    <!---->\n                    <h4 class=\"\">Cu\u00e9ntanos<\/h4>\n                  <\/div>\n                <\/div>\n                <div data-colibri-id=\"106-c83\" class=\"h-text h-text-component style-228 style-local-106-c83 position-relative h-element\">\n                  <!---->\n                  <!---->\n                  <div class=\"\">\n                    <p>Si crees que tu parroquia puede dar m\u00e1s pero no sabes por d\u00f3nde empezar&#8230;\u00a1cu\u00e9ntanoslo! veremos qu\u00e9 podemos hacer juntos.<\/p>\n                  <\/div>\n                <\/div>\n              <\/div>\n            <\/div>\n          <\/div>\n          <div class=\"h-column h-column-container d-flex h-col-lg-4 h-col-md-4 h-col-12 style-225-outer style-local-106-c84-outer\">\n            <div data-colibri-id=\"106-c84\" class=\"d-flex h-flex-basis h-column__inner h-px-lg-3 h-px-md-3 h-px-3 v-inner-lg-3 v-inner-md-3 v-inner-3 style-225 style-local-106-c84 position-relative\">\n              <!---->\n              <!---->\n              <div class=\"w-100 h-y-container h-column__content h-column__v-align flex-basis-100 align-self-lg-start align-self-md-start align-self-start\">\n                <!---->\n                <div data-colibri-id=\"106-c85\" class=\"h-icon style-229 style-local-106-c85 position-relative h-element\">\n                  <!----><span class=\"h-svg-icon h-icon__icon style-229-icon style-local-106-c85-icon\"><!--Icon by Font Awesome (https:\/\/fontawesome.com)-->\n    <svg version=\"1.1\" xmlns=\"http:\/\/www.w3.org\/2000\/svg\" xmlns:xlink=\"http:\/\/www.w3.org\/1999\/xlink\" id=\"group\" viewBox=\"0 0 1920 1896.0833\">\n      <path d=\"M593 896q-162 5-265 128H194q-82 0-138-40.5T0 865q0-353 124-353 6 0 43.5 21t97.5 42.5T384 597q67 0 133-23-5 37-5 66 0 139 81 256zm1071 637q0 120-73 189.5t-194 69.5H523q-121 0-194-69.5T256 1533q0-53 3.5-103.5t14-109T300 1212t43-97.5 62-81 85.5-53.5T602 960q10 0 43 21.5t73 48 107 48 135 21.5 135-21.5 107-48 73-48 43-21.5q61 0 111.5 20t85.5 53.5 62 81 43 97.5 26.5 108.5 14 109 3.5 103.5zM640 256q0 106-75 181t-181 75-181-75-75-181 75-181T384 0t181 75 75 181zm704 384q0 159-112.5 271.5T960 1024 688.5 911.5 576 640t112.5-271.5T960 256t271.5 112.5T1344 640zm576 225q0 78-56 118.5t-138 40.5h-134q-103-123-265-128 81-117 81-256 0-29-5-66 66 23 133 23 59 0 119-21.5t97.5-42.5 43.5-21q124 0 124 353zm-128-609q0 106-75 181t-181 75-181-75-75-181 75-181 181-75 181 75 75 181z\"><\/path>\n    <\/svg><\/span><\/div>\n                <div data-colibri-id=\"106-c86\" class=\"h-global-transition-all h-heading style-227 style-local-106-c86 position-relative h-element\">\n                  <!---->\n                  <div class=\"h-heading__outer style-227 style-local-106-c86\">\n                    <!---->\n                    <!---->\n                    <h4 class=\"\">\u00bfQuedamos?<\/h4>\n                  <\/div>\n                <\/div>\n                <div data-colibri-id=\"106-c87\" class=\"h-text h-text-component style-230 style-local-106-c87 position-relative h-element\">\n                  <!---->\n                  <!---->\n                  <div class=\"\">\n                    <p>Estamos a tu disposici\u00f3n para ayudarte a incorporar las novedades <em>pasito a paso<\/em>, conociendo a tu comunidad parroquial. \u00bfQuedamos?<\/p>\n                  <\/div>\n                <\/div>\n              <\/div>\n            <\/div>\n          <\/div>\n          <div class=\"h-column h-column-container d-flex h-col-lg-4 h-col-md-4 h-col-12 style-225-outer style-local-106-c88-outer\">\n            <div data-colibri-id=\"106-c88\" class=\"d-flex h-flex-basis h-column__inner h-px-lg-3 h-px-md-3 h-px-3 v-inner-lg-3 v-inner-md-3 v-inner-3 style-225 style-local-106-c88 position-relative\">\n              <!---->\n              <!---->\n              <div class=\"w-100 h-y-container h-column__content h-column__v-align flex-basis-100 align-self-lg-start align-self-md-start align-self-start\">\n                <!---->\n                <div data-colibri-id=\"106-c89\" class=\"h-icon style-229 style-local-106-c89 position-relative h-element\">\n                  <!----><span class=\"h-svg-icon h-icon__icon style-229-icon style-local-106-c89-icon\"><!--Icon by Font Awesome (https:\/\/fontawesome.com)-->\n    <svg version=\"1.1\" xmlns=\"http:\/\/www.w3.org\/2000\/svg\" xmlns:xlink=\"http:\/\/www.w3.org\/1999\/xlink\" id=\"rocket\" viewBox=\"0 0 1664 1896.0833\">\n      <path d=\"M1440 448q0-40-28-68t-68-28-68 28-28 68 28 68 68 28 68-28 28-68zm224-288q0 249-75.5 430.5T1335 951q-81 80-195 176l-20 379q-2 16-16 26l-384 224q-7 4-16 4-12 0-23-9l-64-64q-13-14-8-32l85-276-281-281-276 85q-3 1-9 1-14 0-23-9l-64-64q-17-19-5-39l224-384q10-14 26-16l379-20q96-114 176-195 188-187 358-258t431-71q14 0 24 9.5t10 22.5z\"><\/path>\n    <\/svg><\/span><\/div>\n                <div data-colibri-id=\"106-c90\" class=\"h-global-transition-all h-heading style-227 style-local-106-c90 position-relative h-element\">\n                  <!---->\n                  <div class=\"h-heading__outer style-227 style-local-106-c90\">\n                    <!---->\n                    <!---->\n                    <h4 class=\"\">Levantemos<\/h4>\n                  <\/div>\n                <\/div>\n                <div data-colibri-id=\"106-c91\" class=\"h-text h-text-component style-230 style-local-106-c91 position-relative h-element\">\n                  <!---->\n                  <!---->\n                  <div class=\"\">\n                    <p>\u00bfEl qu\u00e9? \u00a1\u00a1el coraz\u00f3n!! Os invitaremos a algunos buenos encuentros en los que podremos experimentar la pertenencia a la Iglesia Diocesana.<\/p>\n                    <p>\n                      <br>\n                    <\/p>\n                  <\/div>\n                <\/div>\n              <\/div>\n            <\/div>\n          <\/div>\n        <\/div>\n      <\/div>\n    <\/div>\n  <\/div>\n  <div data-colibri-component=\"section\" data-colibri-id=\"106-c96\" id=\"team-2\" class=\"h-section h-section-global-spacing d-flex align-items-lg-center align-items-md-center align-items-center style-1182 style-local-106-c96 position-relative\">\n    <div class=\"background-wrapper\">\n      <div class=\"background-layer background-layer-media-container-lg\">\n        <!---->\n        <div class=\"overlay-layer\">\n          <div class=\"overlay-image-layer\" style=\"background-color: rgb(239, 234, 234); opacity: 0.5;\"><\/div>\n        <\/div>\n      <\/div>\n      <div class=\"background-layer background-layer-media-container-md\">\n        <!---->\n        <div class=\"overlay-layer\">\n          <div class=\"overlay-image-layer\" style=\"background-color: rgb(239, 234, 234); opacity: 0.5;\"><\/div>\n        <\/div>\n      <\/div>\n      <div class=\"background-layer background-layer-media-container\">\n        <!---->\n        <div class=\"overlay-layer\">\n          <div class=\"overlay-image-layer\" style=\"background-color: rgb(239, 234, 234); opacity: 0.5;\"><\/div>\n        <\/div>\n      <\/div>\n    <\/div>\n    <!---->\n    <div class=\"h-section-grid-container h-section-boxed-container\">\n      <div data-colibri-id=\"106-c134\" class=\"h-row-container gutters-row-lg-2 gutters-row-md-2 gutters-row-0 gutters-row-v-lg-2 gutters-row-v-md-2 gutters-row-v-2 style-1196 style-local-106-c134 position-relative\">\n        <!---->\n        <div class=\"h-row justify-content-lg-center justify-content-md-center justify-content-center align-items-lg-stretch align-items-md-stretch align-items-stretch gutters-col-lg-2 gutters-col-md-2 gutters-col-0 gutters-col-v-lg-2 gutters-col-v-md-2 gutters-col-v-2\">\n          <!---->\n          <div class=\"h-column h-column-container d-flex h-col-lg-auto h-col-md-auto h-col-auto style-1197-outer style-local-106-c135-outer\">\n            <div data-colibri-id=\"106-c135\" class=\"d-flex h-flex-basis h-column__inner h-px-lg-2 h-px-md-2 h-px-2 v-inner-lg-2 v-inner-md-2 v-inner-2 style-1197 style-local-106-c135 position-relative\">\n              <!---->\n              <!---->\n              <div class=\"w-100 h-y-container h-column__content h-column__v-align flex-basis-100 align-self-lg-start align-self-md-start align-self-start\">\n                <!---->\n                <div data-colibri-id=\"106-c136\" class=\"h-global-transition-all h-heading style-1198 style-local-106-c136 position-relative h-element\">\n                  <!---->\n                  <div class=\"h-heading__outer style-1198 style-local-106-c136\">\n                    <!---->\n                    <!---->\n                    <h2 class=\"\"><span style=\"color: rgb(59, 114, 184);\">El equipo de la Delegaci\u00f3n<\/span><\/h2>\n                  <\/div>\n                <\/div>\n              <\/div>\n            <\/div>\n          <\/div>\n        <\/div>\n      <\/div>\n      <div data-colibri-id=\"106-c97\" class=\"h-row-container gutters-row-lg-3 gutters-row-md-3 gutters-row-0 gutters-row-v-lg-3 gutters-row-v-md-3 gutters-row-v-3 style-1183 style-local-106-c97 position-relative\">\n        <!---->\n        <div class=\"h-row justify-content-lg-center justify-content-md-center justify-content-center align-items-lg-stretch align-items-md-stretch align-items-stretch gutters-col-lg-3 gutters-col-md-3 gutters-col-0 gutters-col-v-lg-3 gutters-col-v-md-3 gutters-col-v-3\">\n          <!---->\n          <div class=\"h-column h-column-container d-flex h-col-lg-3 h-col-md-6 h-col-12 style-1184-outer style-local-106-c98-outer\">\n            <div data-colibri-id=\"106-c98\" class=\"d-flex h-flex-basis h-column__inner h-px-lg-0 h-px-md-0 h-px-0 v-inner-lg-0 v-inner-md-0 v-inner-0 style-1184 style-local-106-c98 position-relative\">\n              <!---->\n              <!---->\n              <div class=\"w-100 h-y-container h-column__content h-column__v-align flex-basis-100 align-self-lg-start align-self-md-start align-self-start\">\n                <!---->\n                <div data-colibri-id=\"106-c99\" class=\"d-block style-1185 style-local-106-c99 position-relative h-element\">\n                  <!---->\n                  <div class=\"h-image__frame-container-outer\">\n                    <div class=\"h-image__frame-container\">\n                      <!---->\n                      <!---->\n                      <img loading=\"lazy\" decoding=\"async\" width=\"461\" height=\"463\" src=\"https:\/\/dacc.diocesisgetafe.es\/wp-content\/uploads\/2022\/12\/Captura-de-pantalla-2022-12-09-a-las-0.10.10.png\" class=\"wp-image-2846 style-1185-image style-local-106-c99-image\" alt=\"\" srcset=\"https:\/\/dacc.diocesisgetafe.es\/wp-content\/uploads\/2022\/12\/Captura-de-pantalla-2022-12-09-a-las-0.10.10.png 461w, https:\/\/dacc.diocesisgetafe.es\/wp-content\/uploads\/2022\/12\/Captura-de-pantalla-2022-12-09-a-las-0.10.10-300x300.png 300w, https:\/\/dacc.diocesisgetafe.es\/wp-content\/uploads\/2022\/12\/Captura-de-pantalla-2022-12-09-a-las-0.10.10-150x150.png 150w\" sizes=\"auto, (max-width: 461px) 100vw, 461px\" \/>\n                      <div class=\"h-image__frame h-hide-lg h-hide-md h-hide-sm style-1185-frameImage style-local-106-c99-frameImage\"><\/div>\n                    <\/div>\n                  <\/div>\n                <\/div>\n                <div data-colibri-id=\"106-c100\" class=\"h-global-transition-all h-heading style-1186 style-local-106-c100 position-relative h-element\">\n                  <!---->\n                  <div class=\"h-heading__outer style-1186 style-local-106-c100\">\n                    <!---->\n                    <!---->\n                    <h4 class=\"\">Mar\u00eda\n                      <br>Barber Buades<\/h4>\n                  <\/div>\n                <\/div>\n                <div data-colibri-id=\"106-c101\" class=\"h-text h-text-component style-1187 style-local-106-c101 position-relative h-element\">\n                  <!---->\n                  <!---->\n                  <div class=\"\">\n                    <p>Delegada Episcopal<\/p>\n                  <\/div>\n                <\/div>\n                <div data-colibri-id=\"106-c102\" class=\"h-text h-text-component style-1188 style-local-106-c102 position-relative h-element\">\n                  <!---->\n                  <!---->\n                  <div class=\"\">\n                    <p>\n                      <a href=\"mailto:dacc@diocesisgetafe.es\" style=\"color: rgb(246, 97, 66);\">dacc@diocesisgetafe.es<\/a>\n                    <\/p>\n                  <\/div>\n                <\/div>\n              <\/div>\n            <\/div>\n          <\/div>\n          <div class=\"h-column h-column-container d-flex h-col-lg-3 h-col-md-6 h-col-12 style-1184-outer style-local-106-c103-outer\">\n            <div data-colibri-id=\"106-c103\" class=\"d-flex h-flex-basis h-column__inner h-px-lg-0 h-px-md-0 h-px-0 v-inner-lg-0 v-inner-md-0 v-inner-0 style-1184 style-local-106-c103 position-relative\">\n              <!---->\n              <!---->\n              <div class=\"w-100 h-y-container h-column__content h-column__v-align flex-basis-100 align-self-lg-start align-self-md-start align-self-start\">\n                <!---->\n                <div data-colibri-id=\"106-c104\" class=\"d-block style-1185 style-local-106-c104 position-relative h-element\">\n                  <!---->\n                  <div class=\"h-image__frame-container-outer\">\n                    <div class=\"h-image__frame-container\">\n                      <!---->\n                      <!---->\n                      <img loading=\"lazy\" decoding=\"async\" width=\"1536\" height=\"1536\" src=\"https:\/\/dacc.diocesisgetafe.es\/wp-content\/uploads\/2025\/12\/cropped-Primer-Anuncio@3x.png\" class=\"wp-image-5589 style-1185-image style-local-106-c104-image\" alt=\"\" srcset=\"https:\/\/dacc.diocesisgetafe.es\/wp-content\/uploads\/2025\/12\/cropped-Primer-Anuncio@3x.png 1536w, https:\/\/dacc.diocesisgetafe.es\/wp-content\/uploads\/2025\/12\/cropped-Primer-Anuncio@3x-300x300.png 300w, https:\/\/dacc.diocesisgetafe.es\/wp-content\/uploads\/2025\/12\/cropped-Primer-Anuncio@3x-1024x1024.png 1024w, https:\/\/dacc.diocesisgetafe.es\/wp-content\/uploads\/2025\/12\/cropped-Primer-Anuncio@3x-150x150.png 150w, https:\/\/dacc.diocesisgetafe.es\/wp-content\/uploads\/2025\/12\/cropped-Primer-Anuncio@3x-768x768.png 768w\" sizes=\"auto, (max-width: 1536px) 100vw, 1536px\" \/>\n                      <div class=\"h-image__frame h-hide-lg h-hide-md h-hide-sm style-1185-frameImage style-local-106-c104-frameImage\"><\/div>\n                    <\/div>\n                  <\/div>\n                <\/div>\n                <div data-colibri-id=\"106-c105\" class=\"h-global-transition-all h-heading style-1186 style-local-106-c105 position-relative h-element\">\n                  <!---->\n                  <div class=\"h-heading__outer style-1186 style-local-106-c105\">\n                    <!---->\n                    <!---->\n                    <h4 class=\"\">Pendiente<\/h4>\n                  <\/div>\n                <\/div>\n                <div data-colibri-id=\"106-c106\" class=\"h-text h-text-component style-1187 style-local-106-c106 position-relative h-element\">\n                  <!---->\n                  <!---->\n                  <div class=\"\">\n                    <p> \u00c1rea de Primer Anuncio<\/p>\n                  <\/div>\n                <\/div>\n                <div data-colibri-id=\"106-c107\" class=\"h-text h-text-component style-1188 style-local-106-c107 position-relative h-element\">\n                  <!---->\n                  <!---->\n                  <div class=\"\">\n                    <p><span style=\"color: rgb(246, 97, 66);\">primeranuncio@diocesisgetafe.es<\/span><\/p>\n                  <\/div>\n                <\/div>\n              <\/div>\n            <\/div>\n          <\/div>\n          <div class=\"h-column h-column-container d-flex h-col-lg-3 h-col-md-6 h-col-12 style-1184-outer style-local-106-c108-outer\">\n            <div data-colibri-id=\"106-c108\" class=\"d-flex h-flex-basis h-column__inner h-px-lg-0 h-px-md-0 h-px-0 v-inner-lg-0 v-inner-md-0 v-inner-0 style-1184 style-local-106-c108 position-relative\">\n              <!---->\n              <!---->\n              <div class=\"w-100 h-y-container h-column__content h-column__v-align flex-basis-100 align-self-lg-start align-self-md-start align-self-start\">\n                <!---->\n                <div data-colibri-id=\"106-c109\" class=\"d-block style-1192 style-local-106-c109 position-relative h-element\">\n                  <!---->\n                  <div class=\"h-image__frame-container-outer\">\n                    <div class=\"h-image__frame-container\">\n                      <!---->\n                      <!---->\n                      <img loading=\"lazy\" decoding=\"async\" width=\"1667\" height=\"1671\" src=\"https:\/\/dacc.diocesisgetafe.es\/wp-content\/uploads\/2023\/05\/cropped-WhatsApp-Image-2023-05-25-at-13.09.02.jpeg\" class=\"wp-image-3749 style-1192-image style-local-106-c109-image\" alt=\"\" srcset=\"https:\/\/dacc.diocesisgetafe.es\/wp-content\/uploads\/2023\/05\/cropped-WhatsApp-Image-2023-05-25-at-13.09.02.jpeg 1667w, https:\/\/dacc.diocesisgetafe.es\/wp-content\/uploads\/2023\/05\/cropped-WhatsApp-Image-2023-05-25-at-13.09.02-300x300.jpeg 300w, https:\/\/dacc.diocesisgetafe.es\/wp-content\/uploads\/2023\/05\/cropped-WhatsApp-Image-2023-05-25-at-13.09.02-1022x1024.jpeg 1022w, https:\/\/dacc.diocesisgetafe.es\/wp-content\/uploads\/2023\/05\/cropped-WhatsApp-Image-2023-05-25-at-13.09.02-150x150.jpeg 150w, https:\/\/dacc.diocesisgetafe.es\/wp-content\/uploads\/2023\/05\/cropped-WhatsApp-Image-2023-05-25-at-13.09.02-768x770.jpeg 768w, https:\/\/dacc.diocesisgetafe.es\/wp-content\/uploads\/2023\/05\/cropped-WhatsApp-Image-2023-05-25-at-13.09.02-1532x1536.jpeg 1532w\" sizes=\"auto, (max-width: 1667px) 100vw, 1667px\" \/>\n                      <div class=\"h-image__frame h-hide-lg h-hide-md h-hide-sm style-1192-frameImage style-local-106-c109-frameImage\"><\/div>\n                    <\/div>\n                  <\/div>\n                <\/div>\n                <div data-colibri-id=\"106-c110\" class=\"h-global-transition-all h-heading style-1186 style-local-106-c110 position-relative h-element\">\n                  <!---->\n                  <div class=\"h-heading__outer style-1186 style-local-106-c110\">\n                    <!---->\n                    <!---->\n                    <h4 class=\"\">Jes\u00fas\n                      <br>Ortiz de Z\u00e1rate&nbsp;<\/h4>\n                  <\/div>\n                <\/div>\n                <div data-colibri-id=\"106-c111\" class=\"h-text h-text-component style-1187 style-local-106-c111 position-relative h-element\">\n                  <!---->\n                  <!---->\n                  <div class=\"\">\n                    <p>\u00c1rea de Catecumenado<\/p>\n                  <\/div>\n                <\/div>\n                <div data-colibri-id=\"106-c112\" class=\"h-text h-text-component style-1188 style-local-106-c112 position-relative h-element\">\n                  <!---->\n                  <!---->\n                  <div class=\"\">\n                    <p>\n                      <a href=\"mailto:catecumenadogetafe@gmail.com\" style=\"color: rgb(246, 97, 66); font-size: 101%; font-weight: 400; font-family: &quot;Playfair Display&quot;;\">catecumenado@d<\/a><span style=\"color: rgb(246, 97, 66);\">iocesisgetafe.es<\/span><\/p>\n                  <\/div>\n                <\/div>\n              <\/div>\n            <\/div>\n          <\/div>\n          <div class=\"h-column h-column-container d-flex h-col-lg-3 h-col-md-6 h-col-12 style-1184-outer style-local-106-c113-outer\">\n            <div data-colibri-id=\"106-c113\" class=\"d-flex h-flex-basis h-column__inner h-px-lg-0 h-px-md-0 h-px-0 v-inner-lg-0 v-inner-md-0 v-inner-0 style-1184 style-local-106-c113 position-relative\">\n              <!---->\n              <!---->\n              <div class=\"w-100 h-y-container h-column__content h-column__v-align flex-basis-100 align-self-lg-start align-self-md-start align-self-start\">\n                <!---->\n                <div data-colibri-id=\"106-c114\" class=\"d-block style-1194 style-local-106-c114 position-relative h-element\">\n                  <!---->\n                  <div class=\"h-image__frame-container-outer\">\n                    <div class=\"h-image__frame-container\">\n                      <!---->\n                      <!---->\n                      <img loading=\"lazy\" decoding=\"async\" width=\"1174\" height=\"1536\" src=\"https:\/\/dacc.diocesisgetafe.es\/wp-content\/uploads\/2025\/12\/cropped-Catequesis@3x.png\" class=\"wp-image-5259 style-1194-image style-local-106-c114-image\" alt=\"\" srcset=\"https:\/\/dacc.diocesisgetafe.es\/wp-content\/uploads\/2025\/12\/cropped-Catequesis@3x.png 1174w, https:\/\/dacc.diocesisgetafe.es\/wp-content\/uploads\/2025\/12\/cropped-Catequesis@3x-229x300.png 229w, https:\/\/dacc.diocesisgetafe.es\/wp-content\/uploads\/2025\/12\/cropped-Catequesis@3x-783x1024.png 783w, https:\/\/dacc.diocesisgetafe.es\/wp-content\/uploads\/2025\/12\/cropped-Catequesis@3x-768x1005.png 768w\" sizes=\"auto, (max-width: 1174px) 100vw, 1174px\" \/>\n                      <div class=\"h-image__frame h-hide-lg h-hide-md h-hide-sm style-1194-frameImage style-local-106-c114-frameImage\"><\/div>\n                    <\/div>\n                  <\/div>\n                <\/div>\n                <div data-colibri-id=\"106-c115\" class=\"h-global-transition-all h-heading style-1186 style-local-106-c115 position-relative h-element\">\n                  <!---->\n                  <div class=\"h-heading__outer style-1186 style-local-106-c115\">\n                    <!---->\n                    <!---->\n                    <h4 class=\"\">Pendiente<\/h4>\n                  <\/div>\n                <\/div>\n                <div data-colibri-id=\"106-c116\" class=\"h-text h-text-component style-1187 style-local-106-c116 position-relative h-element\">\n                  <!---->\n                  <!---->\n                  <div class=\"\">\n                    <p>\u00c1rea de Catequesis<\/p>\n                  <\/div>\n                <\/div>\n                <div data-colibri-id=\"106-c117\" class=\"h-text h-text-component style-1188 style-local-106-c117 position-relative h-element\">\n                  <!---->\n                  <!---->\n                  <div class=\"\">\n                    <p>\n                      <a href=\"mailto:catequesis@diocesisgetafe.es\" style=\"color: rgb(246, 97, 66);\">catequesis@diocesisgetafe.es<\/a><span style=\"color: rgb(246, 97, 66);\">&nbsp;&nbsp;<\/span><\/p>\n                  <\/div>\n                <\/div>\n              <\/div>\n            <\/div>\n          <\/div>\n        <\/div>\n      <\/div>\n      <div data-colibri-id=\"106-c118\" class=\"h-row-container gutters-row-lg-3 gutters-row-md-3 gutters-row-0 gutters-row-v-lg-3 gutters-row-v-md-3 gutters-row-v-3 style-1183 style-local-106-c118 position-relative\">\n        <!---->\n        <div class=\"h-row justify-content-lg-center justify-content-md-center justify-content-center align-items-lg-stretch align-items-md-stretch align-items-stretch gutters-col-lg-3 gutters-col-md-3 gutters-col-0 gutters-col-v-lg-3 gutters-col-v-md-3 gutters-col-v-3\">\n          <!---->\n          <div class=\"h-column h-column-container d-flex h-col-lg-3 h-col-md-6 h-col-12 style-1184-outer style-local-106-c119-outer\">\n            <div data-colibri-id=\"106-c119\" class=\"d-flex h-flex-basis h-column__inner h-px-lg-0 h-px-md-0 h-px-0 v-inner-lg-0 v-inner-md-0 v-inner-0 style-1184 style-local-106-c119 position-relative\">\n              <!---->\n              <!---->\n              <div class=\"w-100 h-y-container h-column__content h-column__v-align flex-basis-100 align-self-lg-start align-self-md-start align-self-start\">\n                <!---->\n                <div data-colibri-id=\"106-c120\" class=\"d-block style-1185 style-local-106-c120 position-relative h-element\">\n                  <!---->\n                  <div class=\"h-image__frame-container-outer\">\n                    <div class=\"h-image__frame-container\">\n                      <!---->\n                      <!---->\n                      <img loading=\"lazy\" decoding=\"async\" width=\"1077\" height=\"1080\" src=\"https:\/\/dacc.diocesisgetafe.es\/wp-content\/uploads\/2025\/10\/cropped-Onitza-Pardilla-Aizpurua.jpg\" class=\"wp-image-5072 style-1185-image style-local-106-c120-image\" alt=\"\" srcset=\"https:\/\/dacc.diocesisgetafe.es\/wp-content\/uploads\/2025\/10\/cropped-Onitza-Pardilla-Aizpurua.jpg 1077w, https:\/\/dacc.diocesisgetafe.es\/wp-content\/uploads\/2025\/10\/cropped-Onitza-Pardilla-Aizpurua-300x300.jpg 300w, https:\/\/dacc.diocesisgetafe.es\/wp-content\/uploads\/2025\/10\/cropped-Onitza-Pardilla-Aizpurua-1021x1024.jpg 1021w, https:\/\/dacc.diocesisgetafe.es\/wp-content\/uploads\/2025\/10\/cropped-Onitza-Pardilla-Aizpurua-150x150.jpg 150w, https:\/\/dacc.diocesisgetafe.es\/wp-content\/uploads\/2025\/10\/cropped-Onitza-Pardilla-Aizpurua-768x770.jpg 768w\" sizes=\"auto, (max-width: 1077px) 100vw, 1077px\" \/>\n                      <div class=\"h-image__frame h-hide-lg h-hide-md h-hide-sm style-1185-frameImage style-local-106-c120-frameImage\"><\/div>\n                    <\/div>\n                  <\/div>\n                <\/div>\n                <div data-colibri-id=\"106-c121\" class=\"h-global-transition-all h-heading style-1186 style-local-106-c121 position-relative h-element\">\n                  <!---->\n                  <div class=\"h-heading__outer style-1186 style-local-106-c121\">\n                    <!---->\n                    <!---->\n                    <h4 class=\"\">Onintza Pardilla Aizpurua<\/h4>\n                  <\/div>\n                <\/div>\n                <div data-colibri-id=\"106-c122\" class=\"h-text h-text-component style-1187 style-local-106-c122 position-relative h-element\">\n                  <!---->\n                  <!---->\n                  <div class=\"\">\n                    <p>\u00c1rea de Pastoral B\u00edblica<\/p>\n                  <\/div>\n                <\/div>\n                <div data-colibri-id=\"106-c123\" class=\"h-text h-text-component style-1188 style-local-106-c123 position-relative h-element\">\n                  <!---->\n                  <!---->\n                  <div class=\"\">\n                    <p>\n                      <a href=\"mailto:pastoralbiblica@diocesisgetafe.es\" style=\"color: rgb(246, 97, 66);\">pastoralbiblica@diocesisgetafe.es<\/a>\n                    <\/p>\n                  <\/div>\n                <\/div>\n              <\/div>\n            <\/div>\n          <\/div>\n          <div class=\"h-column h-column-container d-flex h-col-lg-3 h-col-md-6 h-col-12 style-1184-outer style-local-106-c124-outer\">\n            <div data-colibri-id=\"106-c124\" class=\"d-flex h-flex-basis h-column__inner h-px-lg-0 h-px-md-0 h-px-0 v-inner-lg-0 v-inner-md-0 v-inner-0 style-1184 style-local-106-c124 position-relative\">\n              <!---->\n              <!---->\n              <div class=\"w-100 h-y-container h-column__content h-column__v-align flex-basis-100 align-self-lg-start align-self-md-start align-self-start\">\n                <!---->\n                <div data-colibri-id=\"106-c125\" class=\"d-block style-1185 style-local-106-c125 position-relative h-element\">\n                  <!---->\n                  <div class=\"h-image__frame-container-outer\">\n                    <div class=\"h-image__frame-container\">\n                      <!---->\n                      <!---->\n                      <img loading=\"lazy\" decoding=\"async\" width=\"1161\" height=\"1204\" src=\"https:\/\/dacc.diocesisgetafe.es\/wp-content\/uploads\/2025\/10\/cropped-cropped-Mayte-la-buena.jpg\" class=\"wp-image-5082 style-1185-image style-local-106-c125-image\" alt=\"\" srcset=\"https:\/\/dacc.diocesisgetafe.es\/wp-content\/uploads\/2025\/10\/cropped-cropped-Mayte-la-buena.jpg 1161w, https:\/\/dacc.diocesisgetafe.es\/wp-content\/uploads\/2025\/10\/cropped-cropped-Mayte-la-buena-289x300.jpg 289w, https:\/\/dacc.diocesisgetafe.es\/wp-content\/uploads\/2025\/10\/cropped-cropped-Mayte-la-buena-987x1024.jpg 987w, https:\/\/dacc.diocesisgetafe.es\/wp-content\/uploads\/2025\/10\/cropped-cropped-Mayte-la-buena-768x796.jpg 768w\" sizes=\"auto, (max-width: 1161px) 100vw, 1161px\" \/>\n                      <div class=\"h-image__frame h-hide-lg h-hide-md h-hide-sm style-1185-frameImage style-local-106-c125-frameImage\"><\/div>\n                    <\/div>\n                  <\/div>\n                <\/div>\n                <div data-colibri-id=\"106-c126\" class=\"h-global-transition-all h-heading style-1186 style-local-106-c126 position-relative h-element\">\n                  <!---->\n                  <div class=\"h-heading__outer style-1186 style-local-106-c126\">\n                    <!---->\n                    <!---->\n                    <h4 class=\"\">M\u00aa Teresa\n                      <br> Escobar Cantero<\/h4>\n                  <\/div>\n                <\/div>\n                <div data-colibri-id=\"106-c127\" class=\"h-text h-text-component style-1187 style-local-106-c127 position-relative h-element\">\n                  <!---->\n                  <!---->\n                  <div class=\"\">\n                    <p>\u00c1rea de Pastoral con personas con discapacidad<\/p>\n                  <\/div>\n                <\/div>\n                <div data-colibri-id=\"106-c128\" class=\"h-text h-text-component style-1188 style-local-106-c128 position-relative h-element\">\n                  <!---->\n                  <!---->\n                  <div class=\"\">\n                    <p>\n                      <a href=\"mailto:pastoraldiscapacidad@diocesisgetafe.es\" style=\"color: rgb(246, 97, 66);\">pastoraldiscapacidad@diocesisgetafe.es<\/a>\n                    <\/p>\n                  <\/div>\n                <\/div>\n              <\/div>\n            <\/div>\n          <\/div>\n          <div class=\"h-column h-column-container d-flex h-col-lg-3 h-col-md-6 h-col-12 style-1184-outer style-local-106-c129-outer\">\n            <div data-colibri-id=\"106-c129\" class=\"d-flex h-flex-basis h-column__inner h-px-lg-0 h-px-md-0 h-px-0 v-inner-lg-0 v-inner-md-0 v-inner-0 style-1184 style-local-106-c129 position-relative\">\n              <!---->\n              <!---->\n              <div class=\"w-100 h-y-container h-column__content h-column__v-align flex-basis-100 align-self-lg-start align-self-md-start align-self-start\">\n                <!---->\n                <div data-colibri-id=\"106-c130\" class=\"d-block style-1192 style-local-106-c130 position-relative h-element\">\n                  <!---->\n                  <div class=\"h-image__frame-container-outer\">\n                    <div class=\"h-image__frame-container\">\n                      <!---->\n                      <!---->\n                      <img loading=\"lazy\" decoding=\"async\" width=\"1247\" height=\"1247\" src=\"https:\/\/dacc.diocesisgetafe.es\/wp-content\/uploads\/2025\/10\/cropped-Beatriz-Martin-Parras.jpg\" class=\"wp-image-5056 style-1192-image style-local-106-c130-image\" alt=\"\" srcset=\"https:\/\/dacc.diocesisgetafe.es\/wp-content\/uploads\/2025\/10\/cropped-Beatriz-Martin-Parras.jpg 1247w, https:\/\/dacc.diocesisgetafe.es\/wp-content\/uploads\/2025\/10\/cropped-Beatriz-Martin-Parras-300x300.jpg 300w, https:\/\/dacc.diocesisgetafe.es\/wp-content\/uploads\/2025\/10\/cropped-Beatriz-Martin-Parras-1024x1024.jpg 1024w, https:\/\/dacc.diocesisgetafe.es\/wp-content\/uploads\/2025\/10\/cropped-Beatriz-Martin-Parras-150x150.jpg 150w, https:\/\/dacc.diocesisgetafe.es\/wp-content\/uploads\/2025\/10\/cropped-Beatriz-Martin-Parras-768x768.jpg 768w\" sizes=\"auto, (max-width: 1247px) 100vw, 1247px\" \/>\n                      <div class=\"h-image__frame h-hide-lg h-hide-md h-hide-sm style-1192-frameImage style-local-106-c130-frameImage\"><\/div>\n                    <\/div>\n                  <\/div>\n                <\/div>\n                <div data-colibri-id=\"106-c131\" class=\"h-global-transition-all h-heading style-1186 style-local-106-c131 position-relative h-element\">\n                  <!---->\n                  <div class=\"h-heading__outer style-1186 style-local-106-c131\">\n                    <!---->\n                    <!---->\n                    <h4 class=\"\">Beatriz Mart\u00edn Parras<\/h4>\n                  <\/div>\n                <\/div>\n                <div data-colibri-id=\"106-c132\" class=\"h-text h-text-component style-1187 style-local-106-c132 position-relative h-element\">\n                  <!---->\n                  <!---->\n                  <div class=\"\">\n                    <p>\u00c1rea de Discipulado<\/p>\n                  <\/div>\n                <\/div>\n                <div data-colibri-id=\"106-c133\" class=\"h-text h-text-component style-1188 style-local-106-c133 position-relative h-element\">\n                  <!---->\n                  <!---->\n                  <div class=\"\">\n                    <p>\n                      <a href=\"mailto:reiniciacion@diocesisgetafe.es\" style=\"color: rgb(246, 97, 66);\">discipulado@diocesisgetafe.es<\/a>\n                    <\/p>\n                  <\/div>\n                <\/div>\n              <\/div>\n            <\/div>\n          <\/div>\n        <\/div>\n      <\/div>\n    <\/div>\n  <\/div>\n  <div data-colibri-component=\"section\" data-colibri-id=\"106-c137\" id=\"formulario\" class=\"h-section h-section-global-spacing d-flex align-items-lg-center align-items-md-center align-items-center style-574 style-local-106-c137 position-relative\">\n    <!---->\n    <!---->\n    <div class=\"h-section-grid-container h-section-boxed-container\">\n      <!---->\n      <div data-colibri-id=\"106-c138\" class=\"h-row-container gutters-row-lg-2 gutters-row-md-2 gutters-row-2 gutters-row-v-lg-2 gutters-row-v-md-2 gutters-row-v-2 style-575 style-local-106-c138 position-relative\">\n        <!---->\n        <div class=\"h-row justify-content-lg-center justify-content-md-center justify-content-center align-items-lg-stretch align-items-md-stretch align-items-stretch gutters-col-lg-2 gutters-col-md-2 gutters-col-2 gutters-col-v-lg-2 gutters-col-v-md-2 gutters-col-v-2\">\n          <!---->\n          <div class=\"h-column h-column-container d-flex h-col-lg-auto h-col-md-auto h-col-auto style-576-outer style-local-106-c139-outer\">\n            <div data-colibri-id=\"106-c139\" class=\"d-flex h-flex-basis h-column__inner h-px-lg-0 h-px-md-0 h-px-0 v-inner-lg-0 v-inner-md-0 v-inner-0 style-576 style-local-106-c139 position-relative\">\n              <div class=\"background-wrapper\">\n                <div class=\"background-layer background-layer-media-container-lg\">\n                  <!---->\n                  <div class=\"overlay-layer\">\n                    <div class=\"overlay-image-layer\" style=\"background-color: rgb(255, 255, 255); opacity: 0.8;\"><\/div>\n                  <\/div>\n                <\/div>\n                <div class=\"background-layer background-layer-media-container-md\">\n                  <!---->\n                  <div class=\"overlay-layer\">\n                    <div class=\"overlay-image-layer\" style=\"background-color: rgb(255, 255, 255); opacity: 0.8;\"><\/div>\n                  <\/div>\n                <\/div>\n                <div class=\"background-layer background-layer-media-container\">\n                  <!---->\n                  <div class=\"overlay-layer\">\n                    <div class=\"overlay-image-layer\" style=\"background-color: rgb(255, 255, 255); opacity: 0.8;\"><\/div>\n                  <\/div>\n                <\/div>\n              <\/div>\n              <!---->\n              <div class=\"w-100 h-y-container h-column__content h-column__v-align flex-basis-100 align-self-lg-center align-self-md-center align-self-center\">\n                <!---->\n                <div data-colibri-id=\"106-c140\" class=\"h-global-transition-all h-heading style-577 style-local-106-c140 position-relative h-element\">\n                  <!---->\n                  <div class=\"h-heading__outer style-577 style-local-106-c140\">\n                    <!---->\n                    <!---->\n                    <h3 class=\"\">\u00bfTienes alguna <span style=\"color: rgb(59, 114, 184);\">pregunta<\/span><span style=\"color: rgba(254, 150, 55, 0.99);\"> <\/span>o <span style=\"color: rgb(59, 114, 184);\">sugerencia<\/span>?<\/h3>\n                  <\/div>\n                <\/div>\n                <div data-colibri-id=\"106-c141\" class=\"h-contact-form__outer--forminator style-578 style-local-106-c141 position-relative h-element\">\n                  <!---->\n                  <div class=\"h-global-transition-all h-global-transition h-global-transition-all h-contact-form-shortcode\"><div class=\"forminator-ui forminator-custom-form forminator-custom-form-873 forminator-design--material  forminator_ajax\" data-forminator-render=\"0\" data-form=\"forminator-module-873\" data-uid=\"69f524a1bb0a1\"><br\/><\/div><form\n\t\t\t\tid=\"forminator-module-873\"\n\t\t\t\tclass=\"forminator-ui forminator-custom-form forminator-custom-form-873 forminator-design--material  forminator_ajax\"\n\t\t\t\tmethod=\"post\"\n\t\t\t\tdata-forminator-render=\"0\"\n\t\t\t\tdata-form-id=\"873\"\n\t\t\t\t data-color-option=\"default\" data-design=\"material\" data-grid=\"open\" style=\"display: none;\"\n\t\t\t\tdata-uid=\"69f524a1bb0a1\"\n\t\t\t><div role=\"alert\" aria-live=\"polite\" class=\"forminator-response-message forminator-error\" aria-hidden=\"true\"><\/div><div class=\"forminator-row\"><div id=\"name-1\" class=\"forminator-field-name forminator-col forminator-col-12 \"><div class=\"forminator-row forminator-no-margin\" data-multiple=\"true\"><div class=\"forminator-col forminator-col-md-6\"><div class=\"forminator-field\"><label for=\"forminator-field-first-name-1_69f524a1bb0a1\" id=\"forminator-field-first-name-1_69f524a1bb0a1-label\" class=\"forminator-label\">Nombre <span class=\"forminator-required\">*<\/span><\/label><input type=\"text\" name=\"name-1-first-name\" placeholder=\"Ejemplo: Juan\" id=\"forminator-field-first-name-1_69f524a1bb0a1\" class=\"forminator-input\" aria-required=\"true\" data-multi=\"1\" autocomplete=\"given-name\" value=\"\" \/><\/div><\/div><div class=\"forminator-col forminator-col-md-6\"><div class=\"forminator-field\"><label for=\"forminator-field-last-name-1_69f524a1bb0a1\" id=\"forminator-field-last-name-1_69f524a1bb0a1-label\" class=\"forminator-label\">Apellidos <span class=\"forminator-required\">*<\/span><\/label><input type=\"text\" name=\"name-1-last-name\" placeholder=\"Ejemplo: P\u00e9rez\" id=\"forminator-field-last-name-1_69f524a1bb0a1\" class=\"forminator-input\" aria-required=\"true\" data-multi=\"1\" autocomplete=\"family-name\" value=\"\" \/><\/div><\/div><\/div><\/div><\/div><div class=\"forminator-row\"><div id=\"email-1\" class=\"forminator-field-email forminator-col forminator-col-12 \"><div class=\"forminator-field\"><label for=\"forminator-field-email-1_69f524a1bb0a1\" id=\"forminator-field-email-1_69f524a1bb0a1-label\" class=\"forminator-label\">Correo electr\u00f3nico <span class=\"forminator-required\">*<\/span><\/label><input type=\"email\" name=\"email-1\" value=\"\" placeholder=\"Ej . : john@doe.com\" id=\"forminator-field-email-1_69f524a1bb0a1\" class=\"forminator-input forminator-email--field\" data-required=\"true\" aria-required=\"true\" autocomplete=\"email\" \/><\/div><\/div><\/div><div class=\"forminator-row\"><div id=\"address-1\" class=\"forminator-field-address forminator-col forminator-col-12 \"><div class=\"forminator-row\" data-multiple=\"false\"><div id=\"address-1-city\" class=\"forminator-col forminator-col-12\"><div class=\"forminator-field\"><label for=\"forminator-field-address-1-city_69f524a1bb0a1\" id=\"forminator-field-address-1-city_69f524a1bb0a1-label\" class=\"forminator-label\">Ciudad<\/label><input type=\"text\" name=\"address-1-city\" placeholder=\"Ejemplo: Madrid\" id=\"forminator-field-address-1-city_69f524a1bb0a1\" class=\"forminator-input\" data-required=\"\" aria-required=\"false\" autocomplete=\"address-level2\" value=\"\" \/><\/div><\/div><\/div><\/div><\/div><div class=\"forminator-row\"><div id=\"textarea-1\" class=\"forminator-field-textarea forminator-col forminator-col-12 \"><div class=\"forminator-field\"><label for=\"forminator-field-textarea-1_69f524a1bb0a1\" id=\"forminator-field-textarea-1_69f524a1bb0a1-label\" class=\"forminator-label\">\u00bfNecesitas algo de nosotros?<\/label><textarea name=\"textarea-1\" placeholder=\"Introduce tu mensaje...\" id=\"forminator-field-textarea-1_69f524a1bb0a1\" class=\"forminator-textarea\" rows=\"6\" style=\"min-height:140px;\" maxlength=\"180\" ><\/textarea><span id=\"forminator-field-textarea-1_69f524a1bb0a1-description\" class=\"forminator-description\"><span data-limit=\"180\" data-type=\"characters\" data-editor=\"\">0 \/ 180<\/span><\/span><\/div><\/div><\/div><input type=\"hidden\" name=\"referer_url\" value=\"\" \/><div class=\"forminator-row forminator-row-last\"><div class=\"forminator-col\"><div class=\"forminator-field\"><button class=\"forminator-button forminator-button-submit\"><span>Enviar mensaje<\/span><span aria-hidden=\"true\"><\/span><\/button><\/div><\/div><\/div><input type=\"hidden\" id=\"forminator_nonce\" name=\"forminator_nonce\" value=\"b87dc6407b\" \/><input type=\"hidden\" name=\"_wp_http_referer\" value=\"\/index.php\/wp-json\/wp\/v2\/pages\/106\" \/><input type=\"hidden\" name=\"form_id\" value=\"873\"><input type=\"hidden\" name=\"page_id\" value=\"106\"><input type=\"hidden\" name=\"form_type\" value=\"default\"><input type=\"hidden\" name=\"current_url\" value=\"https:\/\/dacc.diocesisgetafe.es\/\"><input type=\"hidden\" name=\"render_id\" value=\"0\"><input type=\"hidden\" name=\"action\" value=\"forminator_submit_form_custom-forms\"><\/form><\/div>\n                <\/div>\n              <\/div>\n            <\/div>\n          <\/div>\n        <\/div>\n      <\/div>\n    <\/div>\n  <\/div>\n<\/div>","protected":false},"excerpt":{"rendered":"<p>PRIMER ANUNCIO CATECUMENADO CATEQUESIS PASTORAL B\u00cdBLICA PASTORAL PERSONAS DISCAPACIDAD DISCIPULADO el bautismo Equipos de&nbsp;preparaci\u00f3n para&nbsp;&nbsp;el Bautismo&nbsp;de ni\u00f1os Este itinerario es el que estabas esperando para acoger y acompa\u00f1ar a las familias que se acercan a la parroquia buscando a Jes\u00fas (\u00a1quiz\u00e1s sin saberlo!). En breve os pondremos aqu\u00ed en encuentro que tuvimos el 14 de [&hellip;]<\/p>\n","protected":false},"author":2,"featured_media":0,"parent":0,"menu_order":0,"comment_status":"closed","ping_status":"closed","template":"page-templates\/homepage.php","meta":{"_bbp_topic_count":0,"_bbp_reply_count":0,"_bbp_total_topic_count":0,"_bbp_total_reply_count":0,"_bbp_voice_count":0,"_bbp_anonymous_reply_count":0,"_bbp_topic_count_hidden":0,"_bbp_reply_count_hidden":0,"_bbp_forum_subforum_count":0,"footnotes":""},"class_list":["post-106","page","type-page","status-publish","hentry"],"_links":{"self":[{"href":"https:\/\/dacc.diocesisgetafe.es\/index.php\/wp-json\/wp\/v2\/pages\/106","targetHints":{"allow":["GET"]}}],"collection":[{"href":"https:\/\/dacc.diocesisgetafe.es\/index.php\/wp-json\/wp\/v2\/pages"}],"about":[{"href":"https:\/\/dacc.diocesisgetafe.es\/index.php\/wp-json\/wp\/v2\/types\/page"}],"author":[{"embeddable":true,"href":"https:\/\/dacc.diocesisgetafe.es\/index.php\/wp-json\/wp\/v2\/users\/2"}],"replies":[{"embeddable":true,"href":"https:\/\/dacc.diocesisgetafe.es\/index.php\/wp-json\/wp\/v2\/comments?post=106"}],"version-history":[{"count":20,"href":"https:\/\/dacc.diocesisgetafe.es\/index.php\/wp-json\/wp\/v2\/pages\/106\/revisions"}],"predecessor-version":[{"id":5802,"href":"https:\/\/dacc.diocesisgetafe.es\/index.php\/wp-json\/wp\/v2\/pages\/106\/revisions\/5802"}],"wp:attachment":[{"href":"https:\/\/dacc.diocesisgetafe.es\/index.php\/wp-json\/wp\/v2\/media?parent=106"}],"curies":[{"name":"wp","href":"https:\/\/api.w.org\/{rel}","templated":true}]}}